{"id":1703,"date":"2022-08-30T12:13:27","date_gmt":"2022-08-30T10:13:27","guid":{"rendered":"https:\/\/bratislava2030.sk\/?page_id=1703"},"modified":"2023-10-20T16:43:30","modified_gmt":"2023-10-20T14:43:30","slug":"bratislava-2030-update-aug-2022","status":"publish","type":"page","link":"https:\/\/bratislava2030.sk\/en\/","title":{"rendered":"Bratislava 2030"},"content":{"rendered":"<p>[et_pb_section fb_built=&#8220;1&#8243; custom_padding_last_edited=&#8220;on|phone&#8220; disabled_on=&#8220;off|off|off&#8220; _builder_version=&#8220;4.14.9&#8243; _module_preset=&#8220;default&#8220; background_color=&#8220;#221d67&#8243; custom_padding=&#8220;0px||0px||true|false&#8220; custom_padding_tablet=&#8220;&#8220; custom_padding_phone=&#8220;40px||40px||true|false&#8220; global_colors_info=&#8220;{}&#8220;][et_pb_row disabled_on=&#8220;off|off|off&#8220; _builder_version=&#8220;4.14.9&#8243; _module_preset=&#8220;default&#8220; global_colors_info=&#8220;{}&#8220;][et_pb_column type=&#8220;4_4&#8243; _builder_version=&#8220;4.14.9&#8243; _module_preset=&#8220;default&#8220; global_colors_info=&#8220;{}&#8220;][et_pb_slider show_content_on_mobile=&#8220;off&#8220; show_image_video_mobile=&#8220;on&#8220; show_arrows_tablet=&#8220;&#8220; show_arrows_phone=&#8220;off&#8220; show_arrows_last_edited=&#8220;on|phone&#8220; _builder_version=&#8220;4.14.9&#8243; _module_preset=&#8220;default&#8220; background_color=&#8220;RGBA(255,255,255,0)&#8220; global_colors_info=&#8220;{}&#8220;][et_pb_slide heading=&#8220;Bratislava je mesto stvoren\u00e9 pre \u013eud\u00ed&#8220; button_text=&#8220;Chcem vedie\u0165 viac&#8220; button_link=&#8220;#preludi&#8220; image=&#8220;https:\/\/bratislava2030.sk\/wp-content\/uploads\/2022\/09\/ikonky-socialnaoblast.png&#8220; _builder_version=&#8220;4.14.9&#8243; _module_preset=&#8220;default&#8220; header_level=&#8220;h2&#8243; header_font=&#8220;Inter|600|||||||&#8220; body_font=&#8220;Inter||||||||&#8220; background_enable_color=&#8220;off&#8220; custom_button=&#8220;on&#8220; button_bg_color=&#8220;#f2706d&#8220; button_border_color=&#8220;RGBA(255,255,255,0)&#8220; button_border_radius=&#8220;5px&#8220; button_font=&#8220;Inter|600|||||||&#8220; global_colors_info=&#8220;{}&#8220; sticky_transition=&#8220;on&#8220;][\/et_pb_slide][et_pb_slide heading=&#8220;Bratislava je zdrav\u00e9 a \u017eiv\u00e9 mesto s mierkou&#8220; button_text=&#8220;Chcem vedie\u0165 viac&#8220; button_link=&#8220;#smierkou&#8220; image=&#8220;https:\/\/bratislava2030.sk\/wp-content\/uploads\/2022\/09\/ikonky-uzemny-rozvoj.png&#8220; _builder_version=&#8220;4.14.9&#8243; _module_preset=&#8220;default&#8220; header_level=&#8220;h2&#8243; header_font=&#8220;Inter|600|||||||&#8220; body_font=&#8220;Inter||||||||&#8220; custom_button=&#8220;on&#8220; button_bg_color=&#8220;#f2706d&#8220; button_border_color=&#8220;RGBA(255,255,255,0)&#8220; button_border_radius=&#8220;5px&#8220; button_font=&#8220;Inter|600|||||||&#8220; global_colors_info=&#8220;{}&#8220; sticky_transition=&#8220;on&#8220;][\/et_pb_slide][et_pb_slide heading=&#8220;Bratislava je mesto pripraven\u00e9 \u010deli\u0165 v\u00fdzvam bud\u00facnosti&#8220; button_text=&#8220;Chcem vedie\u0165 viac&#8220; button_link=&#8220;#pripravene&#8220; image=&#8220;https:\/\/bratislava2030.sk\/wp-content\/uploads\/2022\/09\/ikonky-zivotne-prostredie-2.png&#8220; _builder_version=&#8220;4.14.9&#8243; _module_preset=&#8220;default&#8220; header_level=&#8220;h2&#8243; header_font=&#8220;Inter|600|||||||&#8220; body_font=&#8220;Inter||||||||&#8220; custom_button=&#8220;on&#8220; button_bg_color=&#8220;#f2706d&#8220; button_border_color=&#8220;RGBA(255,255,255,0)&#8220; button_border_radius=&#8220;5px&#8220; button_font=&#8220;Inter|600|||||||&#8220; global_colors_info=&#8220;{}&#8220; sticky_transition=&#8220;on&#8220;][\/et_pb_slide][\/et_pb_slider][\/et_pb_column][\/et_pb_row][\/et_pb_section][et_pb_section fb_built=&#8220;1&#8243; custom_padding_last_edited=&#8220;on|phone&#8220; disabled_on=&#8220;off|off|off&#8220; module_id=&#8220;vizia&#8220; _builder_version=&#8220;4.14.9&#8243; _module_preset=&#8220;default&#8220; background_color=&#8220;#a8aadd&#8220; custom_padding=&#8220;100px||100px||true|false&#8220; custom_padding_tablet=&#8220;&#8220; custom_padding_phone=&#8220;40px||40px||true|false&#8220; global_colors_info=&#8220;{}&#8220;][et_pb_row _builder_version=&#8220;4.14.9&#8243; _module_preset=&#8220;default&#8220; custom_padding=&#8220;||0px|||&#8220; global_colors_info=&#8220;{}&#8220;][et_pb_column type=&#8220;4_4&#8243; _builder_version=&#8220;4.14.9&#8243; _module_preset=&#8220;default&#8220; global_colors_info=&#8220;{}&#8220;][et_pb_text _builder_version=&#8220;4.14.9&#8243; _module_preset=&#8220;default&#8220; text_font=&#8220;Inter|700|||||||&#8220; text_text_color=&#8220;#221d67&#8243; text_font_size=&#8220;40px&#8220; text_line_height=&#8220;130%&#8220; custom_margin=&#8220;||20px||false|false&#8220; custom_padding=&#8220;||0px||false|false&#8220; global_colors_info=&#8220;{}&#8220;]<\/p>\n<p style=\"text-align: center;\" class=\" translation-block\">Bratislava in 2030 as a caring, accessible, and resilient city for all<\/p>\n<p>[\/et_pb_text][\/et_pb_column][\/et_pb_row][et_pb_row column_structure=&#8220;1_3,1_3,1_3&#8243; _builder_version=&#8220;4.14.9&#8243; _module_preset=&#8220;default&#8220; custom_padding=&#8220;50px|||||&#8220; global_colors_info=&#8220;{}&#8220;][et_pb_column type=&#8220;1_3&#8243; _builder_version=&#8220;4.14.9&#8243; _module_preset=&#8220;default&#8220; global_colors_info=&#8220;{}&#8220;][et_pb_icon font_icon=&#8220;&#x5a;||divi||400&#8243; icon_color=&#8220;#FFFFFF&#8220; module_id=&#8220;preludi&#8220; _builder_version=&#8220;4.14.9&#8243; _module_preset=&#8220;default&#8220; global_colors_info=&#8220;{}&#8220;][\/et_pb_icon][et_pb_text _builder_version=&#8220;4.14.9&#8243; _module_preset=&#8220;default&#8220; text_font=&#8220;Inter||||||||&#8220; text_text_color=&#8220;#FFFFFF&#8220; text_font_size=&#8220;20px&#8220; text_line_height=&#8220;130%&#8220; custom_margin=&#8220;|-20px|||false|false&#8220; custom_padding=&#8220;|20px||0px|false|false&#8220; global_colors_info=&#8220;{}&#8220;]<\/p>\n<p><strong>Bratislava is a city made for people<\/strong>.<\/p>\n<p>It is a caring city that creates. It provides the conditions for a dignified life for all citizens, regardless of their current situation or background.<\/p>\n<p>The city communicates with its residents and is guided by the principle of cooperation. Bratislava promotes equality, inclusion, and access to opportunity.<\/p>\n<p>[\/et_pb_text][\/et_pb_column][et_pb_column type=&#8220;1_3&#8243; _builder_version=&#8220;4.14.9&#8243; _module_preset=&#8220;default&#8220; global_colors_info=&#8220;{}&#8220;][et_pb_icon font_icon=&#8220;&#x5a;||divi||400&#8243; icon_color=&#8220;#FFFFFF&#8220; module_id=&#8220;smierkou&#8220; _builder_version=&#8220;4.14.9&#8243; _module_preset=&#8220;default&#8220; global_colors_info=&#8220;{}&#8220;][\/et_pb_icon][et_pb_text _builder_version=&#8220;4.14.9&#8243; _module_preset=&#8220;default&#8220; text_font=&#8220;Inter||||||||&#8220; text_text_color=&#8220;#FFFFFF&#8220; text_font_size=&#8220;20px&#8220; text_line_height=&#8220;130%&#8220; custom_margin=&#8220;|-20px|||false|false&#8220; custom_padding=&#8220;|20px||0px|false|false&#8220; global_colors_info=&#8220;{}&#8220;]<\/p>\n<p><strong>Bratislava is a healthy and vibrant city with scale<\/strong>.<\/p>\n<p>It is being developed as a 15-minute city. Services, amenities, and culture in such city are available within individual districts and neighborhoods.<\/p>\n<p>The city is responsible for its natural resources. It offers quality public space, diverse culture, and accessible opportunities for exercise, recreation, and healthy living.<\/p>\n<p>[\/et_pb_text][\/et_pb_column][et_pb_column type=&#8220;1_3&#8243; _builder_version=&#8220;4.14.9&#8243; _module_preset=&#8220;default&#8220; global_colors_info=&#8220;{}&#8220;][et_pb_icon font_icon=&#8220;&#x5a;||divi||400&#8243; icon_color=&#8220;#FFFFFF&#8220; module_id=&#8220;pripravene&#8220; _builder_version=&#8220;4.14.9&#8243; _module_preset=&#8220;default&#8220; global_colors_info=&#8220;{}&#8220;][\/et_pb_icon][et_pb_text _builder_version=&#8220;4.14.9&#8243; _module_preset=&#8220;default&#8220; text_font=&#8220;Inter||||||||&#8220; text_text_color=&#8220;#FFFFFF&#8220; text_font_size=&#8220;20px&#8220; text_line_height=&#8220;130%&#8220; custom_margin=&#8220;|-20px|||false|false&#8220; custom_padding=&#8220;|20px||0px|false|false&#8220; global_colors_info=&#8220;{}&#8220;]<\/p>\n<p><strong>Bratislava is a city ready to face the challenges of the future<\/strong>.<\/p>\n<p>It is a resilient and confident city that has successfully placed itself in the Central European context.<\/p>\n<p>Bratislava is managed strategically, professionally, and efficiently. Modern institutions coupled with digital and technical infrastructure meet the needs of the future. It successfully reduces the impact of climate change.<\/p>\n<p>[\/et_pb_text][\/et_pb_column][\/et_pb_row][et_pb_row _builder_version=&#8220;4.14.9&#8243; _module_preset=&#8220;default&#8220; custom_padding=&#8220;50px||0px|||&#8220; global_colors_info=&#8220;{}&#8220;][et_pb_column type=&#8220;4_4&#8243; _builder_version=&#8220;4.14.9&#8243; _module_preset=&#8220;default&#8220; global_colors_info=&#8220;{}&#8220;][et_pb_text _builder_version=&#8220;4.14.9&#8243; _module_preset=&#8220;default&#8220; text_font=&#8220;Inter|600|||||||&#8220; text_text_color=&#8220;#221d67&#8243; text_font_size=&#8220;30px&#8220; text_line_height=&#8220;130%&#8220; custom_margin=&#8220;||20px||false|false&#8220; custom_padding=&#8220;||0px||false|false&#8220; global_colors_info=&#8220;{}&#8220;]<\/p>\n<p style=\"text-align: center;\">How to achieve this vision?<br \/>We have the Bratislava 2030 plan!<\/p>\n<p>[\/et_pb_text][\/et_pb_column][\/et_pb_row][\/et_pb_section][et_pb_section fb_built=&#8220;1&#8243; custom_padding_last_edited=&#8220;on|phone&#8220; module_id=&#8220;about&#8220; _builder_version=&#8220;4.14.9&#8243; _module_preset=&#8220;default&#8220; background_color=&#8220;#f68a7b&#8220; custom_padding=&#8220;100px||100px||true|false&#8220; custom_padding_tablet=&#8220;&#8220; custom_padding_phone=&#8220;40px||40px||true|false&#8220; global_colors_info=&#8220;{}&#8220;][et_pb_row column_structure=&#8220;2_5,3_5&#8243; disabled_on=&#8220;on|on|off&#8220; _builder_version=&#8220;4.14.9&#8243; _module_preset=&#8220;default&#8220; custom_css_main_element=&#8220;align-items: center;||display: flex;&#8220; global_colors_info=&#8220;{}&#8220;][et_pb_column type=&#8220;2_5&#8243; _builder_version=&#8220;4.14.9&#8243; _module_preset=&#8220;default&#8220; global_colors_info=&#8220;{}&#8220;][et_pb_text _builder_version=&#8220;4.14.9&#8243; _module_preset=&#8220;default&#8220; text_font=&#8220;Inter|700|||||||&#8220; text_text_color=&#8220;#FFFFFF&#8220; text_font_size=&#8220;36px&#8220; text_line_height=&#8220;130%&#8220; custom_margin=&#8220;||20px||false|false&#8220; custom_padding=&#8220;||0px||false|false&#8220; global_colors_info=&#8220;{}&#8220;]<\/p>\n<p>What is the<br \/>Bratislava 2030 plan?<\/p>\n<p>[\/et_pb_text][et_pb_text _builder_version=&#8220;4.14.9&#8243; _module_preset=&#8220;default&#8220; text_font=&#8220;Inter||||||||&#8220; text_text_color=&#8220;#FFFFFF&#8220; text_font_size=&#8220;20px&#8220; text_line_height=&#8220;130%&#8220; custom_margin=&#8220;|-20px|||false|false&#8220; custom_padding=&#8220;|20px||0px|false|false&#8220; global_colors_info=&#8220;{}&#8220;]<\/p>\n<p style=\"text-align: left;\" class=\" translation-block\">Bratislava 2030, subtitled City Development Plan 2022-2030, is a strategic document, which you may also know under the older name Economic and Social Development Scheme (ESDS).<\/p>\n<p style=\"text-align: left;\" class=\" translation-block\">Bratislava 2030 is a key document for the management of local government. It identifies challenges and defines goals and priorities for future development.<\/p>\n<p style=\"text-align: left;\" class=\" translation-block\">At the same time, it provides a set of tools and measures that will enable local government to achieve the objectives.<\/p>\n<p style=\"text-align: left;\">The document consists of three parts.<\/p>\n<p style=\"text-align: left;\">\n<p>[\/et_pb_text][\/et_pb_column][et_pb_column type=&#8220;3_5&#8243; _builder_version=&#8220;4.14.9&#8243; _module_preset=&#8220;default&#8220; global_colors_info=&#8220;{}&#8220;][et_pb_text _builder_version=&#8220;4.14.9&#8243; _module_preset=&#8220;default&#8220; global_colors_info=&#8220;{}&#8220;]<\/p>\n<p style=\"text-align: center;\"><iframe loading=\"lazy\" width=\"560\" height=\"315\" src=\"https:\/\/www.youtube.com\/embed\/8DnKlaCKqUY\" title=\"YouTube video player\" frameborder=\"0\" allow=\"accelerometer; autoplay; clipboard-write; encrypted-media; gyroscope; picture-in-picture\" allowfullscreen=\"\"><\/iframe><\/p>\n<p>[\/et_pb_text][\/et_pb_column][\/et_pb_row][et_pb_row disabled_on=&#8220;off|off|on&#8220; _builder_version=&#8220;4.14.9&#8243; _module_preset=&#8220;default&#8220; custom_css_main_element=&#8220;align-items: center;||display: flex;&#8220; global_colors_info=&#8220;{}&#8220;][et_pb_column type=&#8220;4_4&#8243; _builder_version=&#8220;4.14.9&#8243; _module_preset=&#8220;default&#8220; global_colors_info=&#8220;{}&#8220;][et_pb_text _builder_version=&#8220;4.14.9&#8243; _module_preset=&#8220;default&#8220; text_font=&#8220;Inter|700|||||||&#8220; text_text_color=&#8220;#FFFFFF&#8220; text_font_size=&#8220;36px&#8220; text_line_height=&#8220;130%&#8220; custom_margin=&#8220;||20px||false|false&#8220; custom_padding=&#8220;||0px||false|false&#8220; global_colors_info=&#8220;{}&#8220;]<\/p>\n<p>What is the<br \/>Bratislava 2030 plan?<\/p>\n<p>[\/et_pb_text][et_pb_text _builder_version=&#8220;4.14.9&#8243; _module_preset=&#8220;default&#8220; global_colors_info=&#8220;{}&#8220;]<\/p>\n<p style=\"text-align: center;\"><iframe loading=\"lazy\" width=\"560\" height=\"315\" src=\"https:\/\/www.youtube.com\/embed\/8DnKlaCKqUY\" title=\"YouTube video player\" frameborder=\"0\" allow=\"accelerometer; autoplay; clipboard-write; encrypted-media; gyroscope; picture-in-picture\" allowfullscreen=\"\"><\/iframe><\/p>\n<p>[\/et_pb_text][et_pb_text _builder_version=&#8220;4.14.9&#8243; _module_preset=&#8220;default&#8220; text_font=&#8220;Inter||||||||&#8220; text_text_color=&#8220;#FFFFFF&#8220; text_font_size=&#8220;20px&#8220; text_line_height=&#8220;130%&#8220; custom_margin=&#8220;|-20px|||false|false&#8220; custom_padding=&#8220;|20px||0px|false|false&#8220; global_colors_info=&#8220;{}&#8220;]<\/p>\n<p style=\"text-align: left;\" class=\" translation-block\">Bratislava 2030, subtitled City Development Plan 2022-2030, is a strategic document, which you may also know under the older name Economic and Social Development Scheme (ESDS).<\/p>\n<p style=\"text-align: left;\">Bratislava 2030 is a key document for the management of local government. It identifies challenges and defines goals and priorities for future development.<\/p>\n<p style=\"text-align: left;\" class=\" translation-block\">At the same time, it provides a set of tools and measures that will enable local government to achieve the objectives.<\/p>\n<p style=\"text-align: left;\">The document consists of three parts.<\/p>\n<p style=\"text-align: left;\">\n<p>[\/et_pb_text][\/et_pb_column][\/et_pb_row][et_pb_row column_structure=&#8220;1_4,3_4&#8243; _builder_version=&#8220;4.14.9&#8243; _module_preset=&#8220;default&#8220; custom_margin=&#8220;2px|auto||auto||&#8220; global_colors_info=&#8220;{}&#8220;][et_pb_column type=&#8220;1_4&#8243; _builder_version=&#8220;4.14.9&#8243; _module_preset=&#8220;default&#8220; global_colors_info=&#8220;{}&#8220;][et_pb_icon font_icon=&#8220;&#x6e;||divi||400&#8243; icon_color=&#8220;#FFFFFF&#8220; _builder_version=&#8220;4.14.9&#8243; _module_preset=&#8220;default&#8220; global_colors_info=&#8220;{}&#8220;][\/et_pb_icon][\/et_pb_column][et_pb_column type=&#8220;3_4&#8243; _builder_version=&#8220;4.14.9&#8243; _module_preset=&#8220;default&#8220; global_colors_info=&#8220;{}&#8220;][et_pb_text _builder_version=&#8220;4.14.9&#8243; _module_preset=&#8220;default&#8220; text_font=&#8220;Inter||||||||&#8220; text_text_color=&#8220;#FFFFFF&#8220; text_font_size=&#8220;20px&#8220; text_line_height=&#8220;130%&#8220; custom_margin=&#8220;|-20px|||false|false&#8220; custom_padding=&#8220;|20px||0px|false|false&#8220; global_colors_info=&#8220;{}&#8220;]<\/p>\n<p><strong>Bratislava Vision <\/strong>describes the overall vision of the city's development. It briefly introduces strategic planning and shows how we created the plan. The readers will also be acquainted with the methods of its implementation and financing.<\/p>\n<p>&nbsp;<\/p>\n<p>[\/et_pb_text][\/et_pb_column][\/et_pb_row][et_pb_row _builder_version=&#8220;4.14.9&#8243; _module_preset=&#8220;default&#8220; custom_padding=&#8220;13px||0px|||&#8220; global_colors_info=&#8220;{}&#8220;][et_pb_column type=&#8220;4_4&#8243; _builder_version=&#8220;4.14.9&#8243; _module_preset=&#8220;default&#8220; global_colors_info=&#8220;{}&#8220;][et_pb_divider color=&#8220;#FFFFFF&#8220; divider_weight=&#8220;6px&#8220; _builder_version=&#8220;4.14.9&#8243; _module_preset=&#8220;default&#8220; custom_margin=&#8220;-3px||-34px|||&#8220; global_colors_info=&#8220;{}&#8220;][\/et_pb_divider][\/et_pb_column][\/et_pb_row][et_pb_row column_structure=&#8220;1_4,3_4&#8243; _builder_version=&#8220;4.14.9&#8243; _module_preset=&#8220;default&#8220; min_height=&#8220;231px&#8220; global_colors_info=&#8220;{}&#8220;][et_pb_column type=&#8220;1_4&#8243; _builder_version=&#8220;4.14.9&#8243; _module_preset=&#8220;default&#8220; global_colors_info=&#8220;{}&#8220;][et_pb_icon font_icon=&#8220;&#x6e;||divi||400&#8243; icon_color=&#8220;#FFFFFF&#8220; _builder_version=&#8220;4.14.9&#8243; _module_preset=&#8220;default&#8220; global_colors_info=&#8220;{}&#8220;][\/et_pb_icon][\/et_pb_column][et_pb_column type=&#8220;3_4&#8243; _builder_version=&#8220;4.14.9&#8243; _module_preset=&#8220;default&#8220; global_colors_info=&#8220;{}&#8220;][et_pb_text _builder_version=&#8220;4.14.9&#8243; _module_preset=&#8220;default&#8220; text_font=&#8220;Inter||||||||&#8220; text_text_color=&#8220;#FFFFFF&#8220; text_font_size=&#8220;20px&#8220; text_line_height=&#8220;130%&#8220; custom_margin=&#8220;|-20px|||false|false&#8220; custom_padding=&#8220;|20px||0px|false|false&#8220; global_colors_info=&#8220;{}&#8220;]<\/p>\n<p><strong>The analytical part <\/strong>contains a comprehensive assessment of the city's baseline situation. The topics of the analytical section follow the structure of local government competencies. It is based on 11 topics that follow the structure of local government competencies.<\/p>\n<p>We build on these starting points in the strategic part through strategic and specific objectives.<\/p>\n<p>[\/et_pb_text][\/et_pb_column][\/et_pb_row][et_pb_row _builder_version=&#8220;4.14.9&#8243; _module_preset=&#8220;default&#8220; custom_padding=&#8220;13px||0px|||&#8220; global_colors_info=&#8220;{}&#8220;][et_pb_column type=&#8220;4_4&#8243; _builder_version=&#8220;4.14.9&#8243; _module_preset=&#8220;default&#8220; global_colors_info=&#8220;{}&#8220;][et_pb_divider color=&#8220;#FFFFFF&#8220; divider_weight=&#8220;6px&#8220; _builder_version=&#8220;4.14.9&#8243; _module_preset=&#8220;default&#8220; custom_margin=&#8220;-3px||-34px|||&#8220; global_colors_info=&#8220;{}&#8220;][\/et_pb_divider][\/et_pb_column][\/et_pb_row][et_pb_row column_structure=&#8220;1_4,3_4&#8243; _builder_version=&#8220;4.14.9&#8243; _module_preset=&#8220;default&#8220; global_colors_info=&#8220;{}&#8220;][et_pb_column type=&#8220;1_4&#8243; _builder_version=&#8220;4.14.9&#8243; _module_preset=&#8220;default&#8220; global_colors_info=&#8220;{}&#8220;][et_pb_icon font_icon=&#8220;&#x6e;||divi||400&#8243; icon_color=&#8220;#FFFFFF&#8220; _builder_version=&#8220;4.14.9&#8243; _module_preset=&#8220;default&#8220; global_colors_info=&#8220;{}&#8220;][\/et_pb_icon][\/et_pb_column][et_pb_column type=&#8220;3_4&#8243; _builder_version=&#8220;4.14.9&#8243; _module_preset=&#8220;default&#8220; global_colors_info=&#8220;{}&#8220;][et_pb_text _builder_version=&#8220;4.14.9&#8243; _module_preset=&#8220;default&#8220; text_font=&#8220;Inter||||||||&#8220; text_text_color=&#8220;#FFFFFF&#8220; text_font_size=&#8220;20px&#8220; text_line_height=&#8220;130%&#8220; custom_margin=&#8220;|-20px|||false|false&#8220; custom_padding=&#8220;|20px||0px|false|false&#8220; global_colors_info=&#8220;{}&#8220;]<\/p>\n<p><strong>The strategic part <\/strong>contains the city's development strategy, with reference to its internal specificities. It determines the main direction, priorities, and objectives of the city's development with respect to principles of regional policy to achieve a balanced and sustainable development of the city and the quality of life for its inhabitants.<\/p>\n<p>There is also information<strong>\u00a0on the plan section,\u00a0<\/strong>which mainly contains a list of measures and activities to ensure the implementation of the city development scheme.<\/p>\n<p>[\/et_pb_text][\/et_pb_column][\/et_pb_row][\/et_pb_section][et_pb_section fb_built=&#8220;1&#8243; custom_padding_last_edited=&#8220;on|phone&#8220; module_id=&#8220;stiahnut&#8220; _builder_version=&#8220;4.14.9&#8243; _module_preset=&#8220;default&#8220; background_color=&#8220;#f9ce68&#8243; custom_padding=&#8220;100px||100px||true|false&#8220; custom_padding_tablet=&#8220;&#8220; custom_padding_phone=&#8220;40px||40px||true|false&#8220; global_colors_info=&#8220;{}&#8220;][et_pb_row _builder_version=&#8220;4.10.2&#8243; _module_preset=&#8220;default&#8220; global_colors_info=&#8220;{}&#8220;][et_pb_column type=&#8220;4_4&#8243; _builder_version=&#8220;4.10.2&#8243; _module_preset=&#8220;default&#8220; global_colors_info=&#8220;{}&#8220;][et_pb_text _builder_version=&#8220;4.14.9&#8243; _module_preset=&#8220;default&#8220; text_font=&#8220;Inter|700|||||||&#8220; text_text_color=&#8220;#221d67&#8243; text_font_size=&#8220;40px&#8220; text_line_height=&#8220;130%&#8220; custom_margin=&#8220;||20px||false|false&#8220; custom_padding=&#8220;||0px||false|false&#8220; global_colors_info=&#8220;{}&#8220;]<\/p>\n<p style=\"text-align: center;\">Get To Know the Bratislava 2030 plan<\/p>\n<p>[\/et_pb_text][\/et_pb_column][\/et_pb_row][et_pb_row column_structure=&#8220;1_2,1_2&#8243; _builder_version=&#8220;4.14.9&#8243; _module_preset=&#8220;default&#8220; global_colors_info=&#8220;{}&#8220;][et_pb_column type=&#8220;1_2&#8243; _builder_version=&#8220;4.14.9&#8243; _module_preset=&#8220;default&#8220; global_colors_info=&#8220;{}&#8220;][et_pb_image src=&#8220;https:\/\/bratislava2030.sk\/wp-content\/uploads\/2022\/10\/MIB_BA2023_Mockup_Web-A-1.png&#8220; title_text=&#8220;MIB_BA2023_Mockup_Web-A&#8220; align=&#8220;center&#8220; _builder_version=&#8220;4.14.9&#8243; _module_preset=&#8220;default&#8220; global_colors_info=&#8220;{}&#8220;][\/et_pb_image][\/et_pb_column][et_pb_column type=&#8220;1_2&#8243; _builder_version=&#8220;4.14.9&#8243; _module_preset=&#8220;default&#8220; custom_padding=&#8220;||||false|false&#8220; global_colors_info=&#8220;{}&#8220;][et_pb_divider show_divider=&#8220;off&#8220; disabled_on=&#8220;on|on|off&#8220; _builder_version=&#8220;4.14.9&#8243; _module_preset=&#8220;default&#8220; min_height=&#8220;120px&#8220; global_colors_info=&#8220;{}&#8220;][\/et_pb_divider][et_pb_button button_url=&#8220;https:\/\/bratislava2030.sk\/wp-content\/uploads\/2023\/03\/A-C-Strategicka-cast-Bratislava-2030_032023.pdf&#8220; url_new_window=&#8220;on&#8220; button_text=&#8220;Stiahnu\u0165 V\u00edziu a Strategick\u00fa \u010das\u0165&#8220; button_alignment=&#8220;center&#8220; _builder_version=&#8220;4.14.9&#8243; _module_preset=&#8220;default&#8220; custom_button=&#8220;on&#8220; button_text_size=&#8220;22px&#8220; button_text_color=&#8220;#FFFFFF&#8220; button_bg_color=&#8220;#f2706d&#8220; button_border_width=&#8220;2px&#8220; button_border_color=&#8220;RGBA(0,0,0,0)&#8220; button_border_radius=&#8220;8px&#8220; button_font=&#8220;Inter|600|||||||&#8220; button_use_icon=&#8220;off&#8220; custom_margin=&#8220;||||false|false&#8220; custom_padding=&#8220;||||false|false&#8220; global_colors_info=&#8220;{}&#8220;][\/et_pb_button][et_pb_button button_url=&#8220;https:\/\/bratislava2030.sk\/wp-content\/uploads\/2023\/03\/B-Analyticka-cast-Bratislava-2030_032023.pdf&#8220; url_new_window=&#8220;on&#8220; button_text=&#8220;Stiahnu\u0165 Analytick\u00fa \u010das\u0165&#8220; button_alignment=&#8220;center&#8220; _builder_version=&#8220;4.14.9&#8243; _module_preset=&#8220;default&#8220; custom_button=&#8220;on&#8220; button_text_size=&#8220;22px&#8220; button_text_color=&#8220;#FFFFFF&#8220; button_bg_color=&#8220;#f2706d&#8220; button_border_width=&#8220;2px&#8220; button_border_color=&#8220;RGBA(0,0,0,0)&#8220; button_border_radius=&#8220;8px&#8220; button_font=&#8220;Inter|600|||||||&#8220; button_use_icon=&#8220;off&#8220; custom_margin=&#8220;||||false|false&#8220; custom_padding=&#8220;||||false|false&#8220; global_colors_info=&#8220;{}&#8220;][\/et_pb_button][\/et_pb_column][\/et_pb_row][et_pb_row disabled_on=&#8220;off|off|off&#8220; _builder_version=&#8220;4.14.9&#8243; _module_preset=&#8220;default&#8220; custom_padding=&#8220;50px||0px|||&#8220; global_colors_info=&#8220;{}&#8220;][et_pb_column type=&#8220;4_4&#8243; _builder_version=&#8220;4.14.9&#8243; _module_preset=&#8220;default&#8220; global_colors_info=&#8220;{}&#8220;][et_pb_text _builder_version=&#8220;4.14.9&#8243; _module_preset=&#8220;default&#8220; text_font=&#8220;Inter|600|||||||&#8220; text_text_color=&#8220;#221d67&#8243; text_font_size=&#8220;30px&#8220; text_line_height=&#8220;130%&#8220; custom_margin=&#8220;||20px||false|false&#8220; custom_padding=&#8220;||0px||false|false&#8220; global_colors_info=&#8220;{}&#8220;]<\/p>\n<p style=\"text-align: center;\">Get to know the Bratislava 2030 plan in a simplified accompanying publication (in Slovak)<\/p>\n<p>[\/et_pb_text][et_pb_button button_url=&#8220;https:\/\/bratislava2030.sk\/wp-content\/uploads\/2023\/03\/Bratislava-2030_publikacia_032023_compress.pdf&#8220; url_new_window=&#8220;on&#8220; button_text=&#8220;Stiahnu\u0165 &#8220; button_alignment=&#8220;center&#8220; _builder_version=&#8220;4.14.9&#8243; _module_preset=&#8220;default&#8220; custom_button=&#8220;on&#8220; button_text_size=&#8220;22px&#8220; button_text_color=&#8220;#FFFFFF&#8220; button_bg_color=&#8220;#f2706d&#8220; button_border_width=&#8220;2px&#8220; button_border_color=&#8220;RGBA(0,0,0,0)&#8220; button_border_radius=&#8220;8px&#8220; button_font=&#8220;Inter|600|||||||&#8220; button_use_icon=&#8220;off&#8220; custom_margin=&#8220;||||false|false&#8220; custom_padding=&#8220;||||false|false&#8220; global_colors_info=&#8220;{}&#8220;][\/et_pb_button][\/et_pb_column][\/et_pb_row][\/et_pb_section][et_pb_section fb_built=&#8220;1&#8243; custom_padding_last_edited=&#8220;on|phone&#8220; disabled_on=&#8220;off|off|off&#8220; module_id=&#8220;aktuality&#8220; _builder_version=&#8220;4.14.9&#8243; _module_preset=&#8220;default&#8220; background_color=&#8220;#a8aadd&#8220; custom_padding=&#8220;100px||100px||true|false&#8220; custom_padding_tablet=&#8220;100px||100px||true|false&#8220; custom_padding_phone=&#8220;40px||40px||true|false&#8220; global_colors_info=&#8220;{}&#8220;][et_pb_row _builder_version=&#8220;4.10.2&#8243; _module_preset=&#8220;default&#8220; global_colors_info=&#8220;{}&#8220;][et_pb_column type=&#8220;4_4&#8243; _builder_version=&#8220;4.10.2&#8243; _module_preset=&#8220;default&#8220; global_colors_info=&#8220;{}&#8220;][et_pb_text _builder_version=&#8220;4.14.9&#8243; _module_preset=&#8220;default&#8220; text_font=&#8220;Inter|700|||||||&#8220; text_text_color=&#8220;#FFFFFF&#8220; text_font_size=&#8220;40px&#8220; text_line_height=&#8220;130%&#8220; custom_margin=&#8220;||20px||false|false&#8220; custom_padding=&#8220;||0px||false|false&#8220; global_colors_info=&#8220;{}&#8220;]<\/p>\n<p style=\"text-align: center;\">News<\/p>\n<p>[\/et_pb_text][\/et_pb_column][\/et_pb_row][et_pb_row _builder_version=&#8220;4.10.2&#8243; _module_preset=&#8220;default&#8220; global_colors_info=&#8220;{}&#8220;][et_pb_column type=&#8220;4_4&#8243; _builder_version=&#8220;4.10.2&#8243; _module_preset=&#8220;default&#8220; global_colors_info=&#8220;{}&#8220;][et_pb_blog fullwidth=&#8220;off&#8220; posts_number=&#8220;6&#8243; excerpt_length=&#8220;120&#8243; show_author=&#8220;off&#8220; show_categories=&#8220;off&#8220; show_pagination=&#8220;off&#8220; _builder_version=&#8220;4.14.9&#8243; _module_preset=&#8220;default&#8220; header_font=&#8220;Inter|600|||||||&#8220; header_text_color=&#8220;gcid-45ba029b-ebb2-4f46-8285-1809a83ffa49&#8243; header_line_height=&#8220;130%&#8220; body_font=&#8220;Inter||||||||&#8220; body_text_color=&#8220;gcid-45ba029b-ebb2-4f46-8285-1809a83ffa49&#8243; body_font_size=&#8220;15px&#8220; body_line_height=&#8220;150%&#8220; meta_font=&#8220;Inter||||||||&#8220; meta_text_color=&#8220;gcid-bb89f847-aaa7-4574-b0f8-f0798c70a43b&#8220; pagination_font=&#8220;Inter|600|||||||&#8220; pagination_text_color=&#8220;#221D67&#8243; border_radii=&#8220;on|8px|8px|8px|8px&#8220; border_width_all=&#8220;0px&#8220; box_shadow_style=&#8220;preset3&#8243; global_colors_info=&#8220;{%22gcid-45ba029b-ebb2-4f46-8285-1809a83ffa49%22:%91%22header_text_color%22,%22body_text_color%22%93,%22gcid-bb89f847-aaa7-4574-b0f8-f0798c70a43b%22:%91%22meta_text_color%22%93}&#8220;][\/et_pb_blog][\/et_pb_column][\/et_pb_row][\/et_pb_section][et_pb_section fb_built=&#8220;1&#8243; custom_padding_last_edited=&#8220;on|phone&#8220; module_id=&#8220;harmonogram&#8220; _builder_version=&#8220;4.11.4&#8243; _module_preset=&#8220;default&#8220; background_color=&#8220;#221d67&#8243; custom_padding=&#8220;80px||80px||true|false&#8220; custom_padding_tablet=&#8220;&#8220; custom_padding_phone=&#8220;40px||40px||true|false&#8220; global_colors_info=&#8220;{}&#8220;][et_pb_row column_structure=&#8220;1_2,1_2&#8243; disabled_on=&#8220;on|off|off&#8220; _builder_version=&#8220;4.14.9&#8243; _module_preset=&#8220;default&#8220; background_color=&#8220;#221d67&#8243; custom_css_main_element=&#8220;align-items: center;||display: flex;&#8220; border_radii=&#8220;on|10px|10px|10px|10px&#8220; global_colors_info=&#8220;{}&#8220;][et_pb_column type=&#8220;1_2&#8243; _builder_version=&#8220;4.14.9&#8243; _module_preset=&#8220;default&#8220; custom_padding=&#8220;|||20px|false|false&#8220; global_colors_info=&#8220;{}&#8220;][et_pb_text _builder_version=&#8220;4.14.2&#8243; _module_preset=&#8220;default&#8220; text_font=&#8220;Inter|600|||||||&#8220; text_text_color=&#8220;#FFFFFF&#8220; text_font_size=&#8220;22px&#8220; text_line_height=&#8220;130%&#8220; custom_margin=&#8220;|2%|20px|2%|false|false&#8220; custom_padding=&#8220;||0px||false|false&#8220; global_colors_info=&#8220;{}&#8220;]<\/p>\n<p style=\"text-align: left;\">St\u00e1le m\u00e1me nie\u010do nov\u00e9! Prihl\u00e1ste sa <br \/>k odberu newslettera a ni\u010d z pl\u00e1nu Bratislava 2030 v\u00e1m neunikne.<\/p>\n<p>[\/et_pb_text][et_pb_text _builder_version=&#8220;4.14.2&#8243; _module_preset=&#8220;default&#8220; text_text_color=&#8220;#ffffff&#8220; custom_margin=&#8220;|2%||2%|false|false&#8220; global_colors_info=&#8220;{}&#8220;]<\/p>\n<p>Bli\u017e\u0161ie inform\u00e1cie o spracovan\u00ed osobn\u00fdch \u00fadajov n\u00e1jdete <span> <\/span><strong><span style=\"color: #f2706d;\"><a target=\"_blank\" class=\"c-link\" delay=\"150\" data-sk=\"tooltip_parent\" href=\"https:\/\/mib.sk\/transparentnost\/ochrana-osobnych-udajov\/\" rel=\"noopener noreferrer\" style=\"color: #f2706d;\">here.<\/a><\/span><\/strong><span>.<\/span><\/p>\n<p>[\/et_pb_text][\/et_pb_column][et_pb_column type=&#8220;1_2&#8243; _builder_version=&#8220;4.14.2&#8243; _module_preset=&#8220;default&#8220; global_colors_info=&#8220;{}&#8220;][et_pb_button button_url=&#8220;http:\/\/eepurl.com\/hVXj3z&#8220; url_new_window=&#8220;on&#8220; button_text=&#8220;Prihl\u00e1si\u0165 do newslettra&#8220; button_alignment=&#8220;center&#8220; _builder_version=&#8220;4.14.9&#8243; _module_preset=&#8220;default&#8220; custom_button=&#8220;on&#8220; button_text_size=&#8220;22px&#8220; button_text_color=&#8220;#FFFFFF&#8220; button_bg_color=&#8220;#f2706d&#8220; button_border_width=&#8220;2px&#8220; button_border_color=&#8220;RGBA(0,0,0,0)&#8220; button_border_radius=&#8220;8px&#8220; button_font=&#8220;Inter|600|||||||&#8220; button_use_icon=&#8220;off&#8220; custom_margin=&#8220;||||false|false&#8220; custom_padding=&#8220;||||false|false&#8220; global_colors_info=&#8220;{}&#8220;][\/et_pb_button][\/et_pb_column][\/et_pb_row][et_pb_row disabled_on=&#8220;off|on|on&#8220; _builder_version=&#8220;4.14.9&#8243; _module_preset=&#8220;default&#8220; background_color=&#8220;#221d67&#8243; custom_css_main_element=&#8220;align-items: center;||display: flex;&#8220; border_radii=&#8220;on|10px|10px|10px|10px&#8220; global_colors_info=&#8220;{}&#8220;][et_pb_column type=&#8220;4_4&#8243; _builder_version=&#8220;4.14.9&#8243; _module_preset=&#8220;default&#8220; custom_padding=&#8220;|||20px|false|false&#8220; global_colors_info=&#8220;{}&#8220;][et_pb_text _builder_version=&#8220;4.14.2&#8243; _module_preset=&#8220;default&#8220; text_font=&#8220;Inter|600|||||||&#8220; text_text_color=&#8220;#FFFFFF&#8220; text_font_size=&#8220;22px&#8220; text_line_height=&#8220;130%&#8220; custom_margin=&#8220;|2%|20px|2%|false|false&#8220; custom_padding=&#8220;||0px||false|false&#8220; global_colors_info=&#8220;{}&#8220;]<\/p>\n<p style=\"text-align: left;\">St\u00e1le m\u00e1me nie\u010do nov\u00e9! Prihl\u00e1ste sa <br \/>k odberu newslettera a ni\u010d z pl\u00e1nu Bratislava 2030 v\u00e1m neunikne.<\/p>\n<p>[\/et_pb_text][et_pb_text _builder_version=&#8220;4.14.2&#8243; _module_preset=&#8220;default&#8220; text_text_color=&#8220;#ffffff&#8220; custom_margin=&#8220;|2%||2%|false|false&#8220; global_colors_info=&#8220;{}&#8220;]<\/p>\n<p>Bli\u017e\u0161ie inform\u00e1cie o spracovan\u00ed osobn\u00fdch \u00fadajov n\u00e1jdete <span> <\/span><strong><span style=\"color: #f2706d;\"><a target=\"_blank\" class=\"c-link\" delay=\"150\" data-sk=\"tooltip_parent\" href=\"https:\/\/mib.sk\/transparentnost\/ochrana-osobnych-udajov\/\" rel=\"noopener noreferrer\" style=\"color: #f2706d;\">here.<\/a><\/span><\/strong><span>.<\/span><\/p>\n<p>[\/et_pb_text][et_pb_button button_url=&#8220;http:\/\/eepurl.com\/hVXj3z&#8220; url_new_window=&#8220;on&#8220; button_text=&#8220;Prihl\u00e1si\u0165 do newslettra&#8220; button_alignment=&#8220;center&#8220; _builder_version=&#8220;4.14.9&#8243; _module_preset=&#8220;default&#8220; custom_button=&#8220;on&#8220; button_text_size=&#8220;22px&#8220; button_text_color=&#8220;#FFFFFF&#8220; button_bg_color=&#8220;#f2706d&#8220; button_border_width=&#8220;2px&#8220; button_border_color=&#8220;RGBA(0,0,0,0)&#8220; button_border_radius=&#8220;8px&#8220; button_font=&#8220;Inter|600|||||||&#8220; button_use_icon=&#8220;off&#8220; custom_margin=&#8220;||||false|false&#8220; custom_padding=&#8220;||||false|false&#8220; global_colors_info=&#8220;{}&#8220;][\/et_pb_button][\/et_pb_column][\/et_pb_row][\/et_pb_section]<\/p>","protected":false},"excerpt":{"rendered":"<p>Bratislava v roku 2030ako starostliv\u00e9, dostupn\u00e9 a odoln\u00e9 mesto pre v\u0161etk\u00fdchBratislava je mesto stvoren\u00e9 pre \u013eud\u00ed. Je to starostliv\u00e9 mesto, ktor\u00e9 vytv\u00e1ra a zabezpe\u010duje podmienky pre d\u00f4stojn\u00fd \u017eivot v\u0161etk\u00fdch, ktor\u00ed sa v \u0148om rozhodn\u00fa \u017ei\u0165, nez\u00e1visle od ich \u017eivotnej situ\u00e1cie alebo p\u00f4vodu. Mesto sa riadi princ\u00edpom spolupr\u00e1ce a komunikuje so svojimi obyvate\u013emi. Mesto presadzuje rovnos\u0165, [&hellip;]<\/p>","protected":false},"author":1,"featured_media":0,"parent":0,"menu_order":0,"comment_status":"closed","ping_status":"closed","template":"","meta":{"_et_pb_use_builder":"on","_et_pb_old_content":"","_et_gb_content_width":"","inline_featured_image":false},"yoast_head":"<!-- This site is optimized with the Yoast SEO plugin v20.13 - https:\/\/yoast.com\/wordpress\/plugins\/seo\/ -->\n<title>Bratislava 2030 - Bratislava 2030<\/title>\n<meta name=\"description\" content=\"Bratislava 2030 ako program hospod\u00e1rskeho a soci\u00e1lneho rozvoja tvor\u00ed kostru \u010fal\u0161ieho smerovania hlavn\u00e9ho mesta.\" \/>\n<meta name=\"robots\" content=\"index, follow, max-snippet:-1, max-image-preview:large, max-video-preview:-1\" \/>\n<link rel=\"canonical\" href=\"https:\/\/bratislava2030.sk\/en\/\" \/>\n<meta property=\"og:locale\" content=\"en_US\" \/>\n<meta property=\"og:type\" content=\"article\" \/>\n<meta property=\"og:title\" content=\"Bratislava 2030 - Bratislava 2030\" \/>\n<meta property=\"og:description\" content=\"Bratislava 2030 ako program hospod\u00e1rskeho a soci\u00e1lneho rozvoja tvor\u00ed kostru \u010fal\u0161ieho smerovania hlavn\u00e9ho mesta.\" \/>\n<meta property=\"og:url\" content=\"https:\/\/bratislava2030.sk\/en\/\" \/>\n<meta property=\"og:site_name\" content=\"Bratislava 2030\" \/>\n<meta property=\"article:modified_time\" content=\"2023-10-20T14:43:30+00:00\" \/>\n<meta name=\"twitter:card\" content=\"summary_large_image\" \/>\n<meta name=\"twitter:label1\" content=\"Est. reading time\" \/>\n\t<meta name=\"twitter:data1\" content=\"9 minutes\" \/>\n<script type=\"application\/ld+json\" class=\"yoast-schema-graph\">{\"@context\":\"https:\/\/schema.org\",\"@graph\":[{\"@type\":\"WebPage\",\"@id\":\"https:\/\/bratislava2030.sk\/\",\"url\":\"https:\/\/bratislava2030.sk\/\",\"name\":\"Bratislava 2030 - Bratislava 2030\",\"isPartOf\":{\"@id\":\"https:\/\/bratislava2030.sk\/#website\"},\"datePublished\":\"2022-08-30T10:13:27+00:00\",\"dateModified\":\"2023-10-20T14:43:30+00:00\",\"description\":\"Bratislava 2030 ako program hospod\u00e1rskeho a soci\u00e1lneho rozvoja tvor\u00ed kostru \u010fal\u0161ieho smerovania hlavn\u00e9ho mesta.\",\"breadcrumb\":{\"@id\":\"https:\/\/bratislava2030.sk\/#breadcrumb\"},\"inLanguage\":\"en-US\",\"potentialAction\":[{\"@type\":\"ReadAction\",\"target\":[\"https:\/\/bratislava2030.sk\/\"]}]},{\"@type\":\"BreadcrumbList\",\"@id\":\"https:\/\/bratislava2030.sk\/#breadcrumb\",\"itemListElement\":[{\"@type\":\"ListItem\",\"position\":1,\"name\":\"Home\",\"item\":\"https:\/\/bratislava2030.sk\/\"},{\"@type\":\"ListItem\",\"position\":2,\"name\":\"Bratislava 2030\"}]},{\"@type\":\"WebSite\",\"@id\":\"https:\/\/bratislava2030.sk\/#website\",\"url\":\"https:\/\/bratislava2030.sk\/\",\"name\":\"Bratislava 2030\",\"description\":\"Bratislava 2030 pos\u00fava hlavn\u00e9 mesto Slovenska do \u010fal\u0161ieho desa\u0165ro\u010dia\",\"potentialAction\":[{\"@type\":\"SearchAction\",\"target\":{\"@type\":\"EntryPoint\",\"urlTemplate\":\"https:\/\/bratislava2030.sk\/?s={search_term_string}\"},\"query-input\":\"required name=search_term_string\"}],\"inLanguage\":\"en-US\"}]}<\/script>\n<!-- \/ Yoast SEO plugin. -->","yoast_head_json":{"title":"Bratislava 2030 - Bratislava 2030","description":"Bratislava 2030 ako program hospod\u00e1rskeho a soci\u00e1lneho rozvoja tvor\u00ed kostru \u010fal\u0161ieho smerovania hlavn\u00e9ho mesta.","robots":{"index":"index","follow":"follow","max-snippet":"max-snippet:-1","max-image-preview":"max-image-preview:large","max-video-preview":"max-video-preview:-1"},"canonical":"https:\/\/bratislava2030.sk\/en\/","og_locale":"en_US","og_type":"article","og_title":"Bratislava 2030 - Bratislava 2030","og_description":"Bratislava 2030 ako program hospod\u00e1rskeho a soci\u00e1lneho rozvoja tvor\u00ed kostru \u010fal\u0161ieho smerovania hlavn\u00e9ho mesta.","og_url":"https:\/\/bratislava2030.sk\/en\/","og_site_name":"Bratislava 2030","article_modified_time":"2023-10-20T14:43:30+00:00","twitter_card":"summary_large_image","twitter_misc":{"Est. reading time":"9 minutes"},"schema":{"@context":"https:\/\/schema.org","@graph":[{"@type":"WebPage","@id":"https:\/\/bratislava2030.sk\/","url":"https:\/\/bratislava2030.sk\/","name":"Bratislava 2030 - Bratislava 2030","isPartOf":{"@id":"https:\/\/bratislava2030.sk\/#website"},"datePublished":"2022-08-30T10:13:27+00:00","dateModified":"2023-10-20T14:43:30+00:00","description":"Bratislava 2030 ako program hospod\u00e1rskeho a soci\u00e1lneho rozvoja tvor\u00ed kostru \u010fal\u0161ieho smerovania hlavn\u00e9ho mesta.","breadcrumb":{"@id":"https:\/\/bratislava2030.sk\/#breadcrumb"},"inLanguage":"en-US","potentialAction":[{"@type":"ReadAction","target":["https:\/\/bratislava2030.sk\/"]}]},{"@type":"BreadcrumbList","@id":"https:\/\/bratislava2030.sk\/#breadcrumb","itemListElement":[{"@type":"ListItem","position":1,"name":"Home","item":"https:\/\/bratislava2030.sk\/"},{"@type":"ListItem","position":2,"name":"Bratislava 2030"}]},{"@type":"WebSite","@id":"https:\/\/bratislava2030.sk\/#website","url":"https:\/\/bratislava2030.sk\/","name":"Bratislava 2030","description":"Bratislava 2030 pos\u00fava hlavn\u00e9 mesto Slovenska do \u010fal\u0161ieho desa\u0165ro\u010dia","potentialAction":[{"@type":"SearchAction","target":{"@type":"EntryPoint","urlTemplate":"https:\/\/bratislava2030.sk\/?s={search_term_string}"},"query-input":"required name=search_term_string"}],"inLanguage":"en-US"}]}},"_links":{"self":[{"href":"https:\/\/bratislava2030.sk\/en\/wp-json\/wp\/v2\/pages\/1703"}],"collection":[{"href":"https:\/\/bratislava2030.sk\/en\/wp-json\/wp\/v2\/pages"}],"about":[{"href":"https:\/\/bratislava2030.sk\/en\/wp-json\/wp\/v2\/types\/page"}],"author":[{"embeddable":true,"href":"https:\/\/bratislava2030.sk\/en\/wp-json\/wp\/v2\/users\/1"}],"replies":[{"embeddable":true,"href":"https:\/\/bratislava2030.sk\/en\/wp-json\/wp\/v2\/comments?post=1703"}],"version-history":[{"count":10,"href":"https:\/\/bratislava2030.sk\/en\/wp-json\/wp\/v2\/pages\/1703\/revisions"}],"predecessor-version":[{"id":1945,"href":"https:\/\/bratislava2030.sk\/en\/wp-json\/wp\/v2\/pages\/1703\/revisions\/1945"}],"wp:attachment":[{"href":"https:\/\/bratislava2030.sk\/en\/wp-json\/wp\/v2\/media?parent=1703"}],"curies":[{"name":"wp","href":"https:\/\/api.w.org\/{rel}","templated":true}]}}