{"id":214,"date":"2020-04-08T10:44:22","date_gmt":"2020-04-08T08:44:22","guid":{"rendered":"https:\/\/bratislava2030.sk\/?page_id=214"},"modified":"2020-04-23T11:44:10","modified_gmt":"2020-04-23T09:44:10","slug":"aktualne","status":"publish","type":"page","link":"https:\/\/bratislava2030.sk\/en\/aktualne\/","title":{"rendered":"Aktu\u00e1lne"},"content":{"rendered":"<p>Aj napriek s\u00fa\u010dasnej situ\u00e1cii sme sa rozhodli pokra\u010dova\u0165 v dial\u00f3gu o bud\u00facnosti mesta a v tvorbe Pl\u00e1nu Bratislava 2030 a&nbsp;zorganizova\u0165 u\u017e druh\u00e9 Metropolitn\u00e9 f\u00f3rum. <strong>F\u00f3rum sa bude zaobera\u0165 t\u00e9mami kult\u00fary, \u0161kolstva a&nbsp;soci\u00e1lnych slu\u017eieb a&nbsp;bude prebieha\u0165 online.<\/strong><\/p>\n\n\n\n<p>Druh\u00e9 Metropolitn\u00e9 f\u00f3rum sa bude zaobera\u0165&nbsp;spolo\u010densk\u00fdm a kult\u00farnym priestorom Bratislavy &#8211; jej soci\u00e1lnymi vecami, kult\u00farou&nbsp;a&nbsp;\u0161kolstvom.&nbsp;Prezent\u00e1cie&nbsp;ved\u00facich expertov a expertiek&nbsp;Magistr\u00e1tu hlavn\u00e9ho mesta&nbsp;SR&nbsp;Bratislavy&nbsp;poskytn\u00fa z\u00e1kladn\u00fd preh\u013ead o&nbsp;Bratislave&nbsp;v t\u00fdchto aspektoch&nbsp;nielen&nbsp;z&nbsp;dlhodob\u00e9ho&nbsp;h\u013eadiska, ale&nbsp;aj v\u202fkontexte&nbsp;s\u00fa\u010dasnej pand\u00e9mie.&nbsp;Predstav\u00edme anal\u00fdzu scen\u00e1rov dopadov pand\u00e9mie na chod mesta&nbsp;v bl\u00edzkej bud\u00facnosti. Na tento&nbsp;makro poh\u013ead bud\u00fa&nbsp;nadv\u00e4zova\u0165&nbsp;\u010fal\u0161ie pr\u00edspevky a debaty.&nbsp;&nbsp;<\/p>\n\n\n\n<p>V druhom vydan\u00ed&nbsp;Metropolitn\u00e9ho f\u00f3ra budeme rozobera\u0165&nbsp;to, ak\u00e1 by mala by\u0165 v\u00edzia kult\u00fary hlavn\u00e9ho mesta \u2013 ako m\u00f4\u017ee pom\u00f4c\u0165 stabilizova\u0165, demokratizova\u0165 a utu\u017eova\u0165 spolo\u010dnos\u0165, ako kult\u00farnos\u0165 mesta s\u00favis\u00ed s jeho identitou,&nbsp;a ako sa bude kult\u00fara vyv\u00edja\u0165 pod tlakom&nbsp;s\u00fa\u010dasnej situ\u00e1cie, ktor\u00e1 silno ovplyvnila nielen mno\u017estvo kult\u00farnych tvorcov a producentov, ale i\u202fkult\u00farne,&nbsp;vo\u013eno\u010dasov\u00e9&nbsp;a&nbsp;komunitn\u00e9 centr\u00e1 mesta.&nbsp;Diskusia v oblasti \u0161kolstva na\u010drtne mo\u017enosti lep\u0161ej spolupr\u00e1ce \u0161k\u00f4l a vzdel\u00e1vac\u00edch zariaden\u00ed mesta, kraja a univerz\u00edt,&nbsp;celo\u017eivotn\u00e9ho&nbsp;vzdel\u00e1vania&nbsp;pedag\u00f3gov, a\u202ftie\u017e&nbsp;mo\u017enosti zdie\u013eania&nbsp;know-how i v oblasti inovat\u00edvneho online vyu\u010dovania, ktor\u00e9 je dnes na\u0161ou realitou. V soci\u00e1lnej oblasti budeme rozobera\u0165 najnov\u0161\u00ed n\u00e1vrh&nbsp;Komunitn\u00e9ho pl\u00e1nu&nbsp;soci\u00e1lnych slu\u017eieb, ktor\u00fd bude konfrontova\u0165 i s\u00fa\u010dasn\u00e9&nbsp;v\u00fdzvy&nbsp;soci\u00e1lnych zariaden\u00ed a\u202fich&nbsp;person\u00e1lu po\u010das kr\u00edzy.&nbsp;&nbsp;<\/p>\n\n\n\n<blockquote class=\"wp-block-quote\"><p>Metropolitn\u00e9 f\u00f3rum je udalos\u0165 na pozv\u00e1nku, programov\u00e1 rada Metropolitn\u00e9ho f\u00f3ra vyber\u00e1 stakeholderov pod\u013ea ich oblasti z\u00e1ujmu \u2013 stakeholder je pre n\u00e1s z\u00e1stupca ob\u010dianskej a&nbsp;odbornej verejnosti z verejn\u00e9ho, s\u00fakromn\u00e9ho a mimovl\u00e1dneho sektora. <\/p><\/blockquote>","protected":false},"excerpt":{"rendered":"<p>Aj napriek s\u00fa\u010dasnej situ\u00e1cii sme sa rozhodli pokra\u010dova\u0165 v dial\u00f3gu o bud\u00facnosti mesta a v tvorbe Pl\u00e1nu Bratislava 2030 a&nbsp;zorganizova\u0165 u\u017e druh\u00e9 Metropolitn\u00e9 f\u00f3rum. F\u00f3rum sa bude zaobera\u0165 t\u00e9mami kult\u00fary, \u0161kolstva a&nbsp;soci\u00e1lnych slu\u017eieb a&nbsp;bude prebieha\u0165 online. Druh\u00e9 Metropolitn\u00e9 f\u00f3rum sa bude zaobera\u0165&nbsp;spolo\u010densk\u00fdm a kult\u00farnym priestorom Bratislavy &#8211; jej soci\u00e1lnymi vecami, kult\u00farou&nbsp;a&nbsp;\u0161kolstvom.&nbsp;Prezent\u00e1cie&nbsp;ved\u00facich expertov a expertiek&nbsp;Magistr\u00e1tu hlavn\u00e9ho [&hellip;]<\/p>","protected":false},"author":1,"featured_media":167,"parent":0,"menu_order":0,"comment_status":"closed","ping_status":"closed","template":"","meta":{"_et_pb_use_builder":"","_et_pb_old_content":"","_et_gb_content_width":"","inline_featured_image":false},"yoast_head":"<!-- This site is optimized with the Yoast SEO plugin v20.13 - https:\/\/yoast.com\/wordpress\/plugins\/seo\/ -->\n<title>Aktu\u00e1lne - Bratislava 2030<\/title>\n<meta name=\"robots\" content=\"index, follow, max-snippet:-1, max-image-preview:large, max-video-preview:-1\" \/>\n<link rel=\"canonical\" href=\"https:\/\/bratislava2030.sk\/en\/aktualne\/\" \/>\n<meta property=\"og:locale\" content=\"en_US\" \/>\n<meta property=\"og:type\" content=\"article\" \/>\n<meta property=\"og:title\" content=\"Aktu\u00e1lne - Bratislava 2030\" \/>\n<meta property=\"og:description\" content=\"Aj napriek s\u00fa\u010dasnej situ\u00e1cii sme sa rozhodli pokra\u010dova\u0165 v dial\u00f3gu o bud\u00facnosti mesta a v tvorbe Pl\u00e1nu Bratislava 2030 a&nbsp;zorganizova\u0165 u\u017e druh\u00e9 Metropolitn\u00e9 f\u00f3rum. F\u00f3rum sa bude zaobera\u0165 t\u00e9mami kult\u00fary, \u0161kolstva a&nbsp;soci\u00e1lnych slu\u017eieb a&nbsp;bude prebieha\u0165 online. Druh\u00e9 Metropolitn\u00e9 f\u00f3rum sa bude zaobera\u0165&nbsp;spolo\u010densk\u00fdm a kult\u00farnym priestorom Bratislavy &#8211; jej soci\u00e1lnymi vecami, kult\u00farou&nbsp;a&nbsp;\u0161kolstvom.&nbsp;Prezent\u00e1cie&nbsp;ved\u00facich expertov a expertiek&nbsp;Magistr\u00e1tu hlavn\u00e9ho [&hellip;]\" \/>\n<meta property=\"og:url\" content=\"https:\/\/bratislava2030.sk\/en\/aktualne\/\" \/>\n<meta property=\"og:site_name\" content=\"Bratislava 2030\" \/>\n<meta property=\"article:modified_time\" content=\"2020-04-23T09:44:10+00:00\" \/>\n<meta property=\"og:image\" content=\"https:\/\/bratislava2030.sk\/wp-content\/uploads\/2020\/03\/20200305_123213000_iOS-scaled.jpg\" \/>\n\t<meta property=\"og:image:width\" content=\"2560\" \/>\n\t<meta property=\"og:image:height\" content=\"1707\" \/>\n\t<meta property=\"og:image:type\" content=\"image\/jpeg\" \/>\n<meta name=\"twitter:card\" content=\"summary_large_image\" \/>\n<meta name=\"twitter:label1\" content=\"Est. reading time\" \/>\n\t<meta name=\"twitter:data1\" content=\"2 minutes\" \/>\n<script type=\"application\/ld+json\" class=\"yoast-schema-graph\">{\"@context\":\"https:\/\/schema.org\",\"@graph\":[{\"@type\":\"WebPage\",\"@id\":\"https:\/\/bratislava2030.sk\/aktualne\/\",\"url\":\"https:\/\/bratislava2030.sk\/aktualne\/\",\"name\":\"Aktu\u00e1lne - Bratislava 2030\",\"isPartOf\":{\"@id\":\"https:\/\/bratislava2030.sk\/#website\"},\"datePublished\":\"2020-04-08T08:44:22+00:00\",\"dateModified\":\"2020-04-23T09:44:10+00:00\",\"breadcrumb\":{\"@id\":\"https:\/\/bratislava2030.sk\/aktualne\/#breadcrumb\"},\"inLanguage\":\"en-US\",\"potentialAction\":[{\"@type\":\"ReadAction\",\"target\":[\"https:\/\/bratislava2030.sk\/aktualne\/\"]}]},{\"@type\":\"BreadcrumbList\",\"@id\":\"https:\/\/bratislava2030.sk\/aktualne\/#breadcrumb\",\"itemListElement\":[{\"@type\":\"ListItem\",\"position\":1,\"name\":\"Home\",\"item\":\"https:\/\/bratislava2030.sk\/\"},{\"@type\":\"ListItem\",\"position\":2,\"name\":\"Aktu\u00e1lne\"}]},{\"@type\":\"WebSite\",\"@id\":\"https:\/\/bratislava2030.sk\/#website\",\"url\":\"https:\/\/bratislava2030.sk\/\",\"name\":\"Bratislava 2030\",\"description\":\"Bratislava 2030 pos\u00fava hlavn\u00e9 mesto Slovenska do \u010fal\u0161ieho desa\u0165ro\u010dia\",\"potentialAction\":[{\"@type\":\"SearchAction\",\"target\":{\"@type\":\"EntryPoint\",\"urlTemplate\":\"https:\/\/bratislava2030.sk\/?s={search_term_string}\"},\"query-input\":\"required name=search_term_string\"}],\"inLanguage\":\"en-US\"}]}<\/script>\n<!-- \/ Yoast SEO plugin. -->","yoast_head_json":{"title":"Aktu\u00e1lne - Bratislava 2030","robots":{"index":"index","follow":"follow","max-snippet":"max-snippet:-1","max-image-preview":"max-image-preview:large","max-video-preview":"max-video-preview:-1"},"canonical":"https:\/\/bratislava2030.sk\/en\/aktualne\/","og_locale":"en_US","og_type":"article","og_title":"Aktu\u00e1lne - Bratislava 2030","og_description":"Aj napriek s\u00fa\u010dasnej situ\u00e1cii sme sa rozhodli pokra\u010dova\u0165 v dial\u00f3gu o bud\u00facnosti mesta a v tvorbe Pl\u00e1nu Bratislava 2030 a&nbsp;zorganizova\u0165 u\u017e druh\u00e9 Metropolitn\u00e9 f\u00f3rum. F\u00f3rum sa bude zaobera\u0165 t\u00e9mami kult\u00fary, \u0161kolstva a&nbsp;soci\u00e1lnych slu\u017eieb a&nbsp;bude prebieha\u0165 online. Druh\u00e9 Metropolitn\u00e9 f\u00f3rum sa bude zaobera\u0165&nbsp;spolo\u010densk\u00fdm a kult\u00farnym priestorom Bratislavy &#8211; jej soci\u00e1lnymi vecami, kult\u00farou&nbsp;a&nbsp;\u0161kolstvom.&nbsp;Prezent\u00e1cie&nbsp;ved\u00facich expertov a expertiek&nbsp;Magistr\u00e1tu hlavn\u00e9ho [&hellip;]","og_url":"https:\/\/bratislava2030.sk\/en\/aktualne\/","og_site_name":"Bratislava 2030","article_modified_time":"2020-04-23T09:44:10+00:00","og_image":[{"width":2560,"height":1707,"url":"https:\/\/bratislava2030.sk\/wp-content\/uploads\/2020\/03\/20200305_123213000_iOS-scaled.jpg","type":"image\/jpeg"}],"twitter_card":"summary_large_image","twitter_misc":{"Est. reading time":"2 minutes"},"schema":{"@context":"https:\/\/schema.org","@graph":[{"@type":"WebPage","@id":"https:\/\/bratislava2030.sk\/aktualne\/","url":"https:\/\/bratislava2030.sk\/aktualne\/","name":"Aktu\u00e1lne - Bratislava 2030","isPartOf":{"@id":"https:\/\/bratislava2030.sk\/#website"},"datePublished":"2020-04-08T08:44:22+00:00","dateModified":"2020-04-23T09:44:10+00:00","breadcrumb":{"@id":"https:\/\/bratislava2030.sk\/aktualne\/#breadcrumb"},"inLanguage":"en-US","potentialAction":[{"@type":"ReadAction","target":["https:\/\/bratislava2030.sk\/aktualne\/"]}]},{"@type":"BreadcrumbList","@id":"https:\/\/bratislava2030.sk\/aktualne\/#breadcrumb","itemListElement":[{"@type":"ListItem","position":1,"name":"Home","item":"https:\/\/bratislava2030.sk\/"},{"@type":"ListItem","position":2,"name":"Aktu\u00e1lne"}]},{"@type":"WebSite","@id":"https:\/\/bratislava2030.sk\/#website","url":"https:\/\/bratislava2030.sk\/","name":"Bratislava 2030","description":"Bratislava 2030 pos\u00fava hlavn\u00e9 mesto Slovenska do \u010fal\u0161ieho desa\u0165ro\u010dia","potentialAction":[{"@type":"SearchAction","target":{"@type":"EntryPoint","urlTemplate":"https:\/\/bratislava2030.sk\/?s={search_term_string}"},"query-input":"required name=search_term_string"}],"inLanguage":"en-US"}]}},"_links":{"self":[{"href":"https:\/\/bratislava2030.sk\/en\/wp-json\/wp\/v2\/pages\/214"}],"collection":[{"href":"https:\/\/bratislava2030.sk\/en\/wp-json\/wp\/v2\/pages"}],"about":[{"href":"https:\/\/bratislava2030.sk\/en\/wp-json\/wp\/v2\/types\/page"}],"author":[{"embeddable":true,"href":"https:\/\/bratislava2030.sk\/en\/wp-json\/wp\/v2\/users\/1"}],"replies":[{"embeddable":true,"href":"https:\/\/bratislava2030.sk\/en\/wp-json\/wp\/v2\/comments?post=214"}],"version-history":[{"count":2,"href":"https:\/\/bratislava2030.sk\/en\/wp-json\/wp\/v2\/pages\/214\/revisions"}],"predecessor-version":[{"id":242,"href":"https:\/\/bratislava2030.sk\/en\/wp-json\/wp\/v2\/pages\/214\/revisions\/242"}],"wp:featuredmedia":[{"embeddable":true,"href":"https:\/\/bratislava2030.sk\/en\/wp-json\/wp\/v2\/media\/167"}],"wp:attachment":[{"href":"https:\/\/bratislava2030.sk\/en\/wp-json\/wp\/v2\/media?parent=214"}],"curies":[{"name":"wp","href":"https:\/\/api.w.org\/{rel}","templated":true}]}}