{"id":25,"date":"2020-03-03T15:52:00","date_gmt":"2020-03-03T14:52:00","guid":{"rendered":"https:\/\/bratislava2030.sk\/?page_id=25"},"modified":"2020-04-08T12:09:19","modified_gmt":"2020-04-08T10:09:19","slug":"metropolitne-forum-i","status":"publish","type":"page","link":"https:\/\/bratislava2030.sk\/en\/metropolitne-forum\/metropolitne-forum-i\/","title":{"rendered":"Metropolitn\u00e9 f\u00f3rum I."},"content":{"rendered":"<p><strong>Metropolitn\u00e9 f\u00f3rum I.\u00a0<\/strong> program: <\/p>\n\n\n\n<p><strong>Prostredie Bratislavy (odpady, mobilita, \u017eivotn\u00e9 prostredie)<\/strong><\/p>\n\n\n\n<p><strong>5.3.2020, 13:00-16:00<\/strong><\/p>\n\n\n\n<p><strong>Program<\/strong><br><\/p>\n\n\n\n<p>Prv\u00e9 Metropolitn\u00e9 f\u00f3rum sa bude zaobera\u0165 fyzick\u00fdm priestorom Bratislavy &#8211; jej \u017eivotn\u00fdm prostred\u00edm, odpadmi a mobilitou. Kr\u00e1tke prezent\u00e1cie poskytn\u00fa z\u00e1kladn\u00fd preh\u013ead o meste v t\u00fdchto aspektoch.&nbsp;<br><\/p>\n\n\n\n<p><em>Moderuje: Milota Sidorov\u00e1, ved\u00faca Kancel\u00e1rie participat\u00edvneho pl\u00e1novania, Metropolitn\u00fd In\u0161tit\u00fat Bratislavy<\/em><br><\/p>\n\n\n\n<p><strong>12:30-13:00<\/strong><\/p>\n\n\n\n<p><strong>Registr\u00e1cia \u00fa\u010dastn\u00edkov a \u00fa\u010dastn\u00ed\u010dok<\/strong><\/p>\n\n\n\n<p><strong>13:00-13:20<\/strong><\/p>\n\n\n\n<p><strong>Sl\u00e1vnostn\u00e9 uvedenie, otvorenie <\/strong>(Mat\u00fa\u0161 Vallo, prim\u00e1tor Bratislavy \/ Tatiana Kratochv\u00edlov\u00e1, viceprim\u00e1torka Bratislavy, J\u00e1n Maz\u00far, riadite\u013e Metropolitn\u00e9ho In\u0161tit\u00fatu Bratislava)<br><\/p>\n\n\n\n<ul><li><strong>\u00davodn\u00e1 prezent\u00e1cia Pl\u00e1n Bratislava 2030 <\/strong>(Eduard Donauer, splnomocnenec prim\u00e1tora pre strategick\u00fd pl\u00e1n mesta, Magistr\u00e1t mesta Bratislava).<\/li><\/ul>\n\n\n\n<p><em>Obozn\u00e1mte sa s procesom pr\u00edpravy strategick\u00e9ho dokumentu, jeho \u00fa\u010delom a prepojen\u00edm na Agendu udr\u017eate\u013en\u00e9ho rozvoja do roku 2030 podporovan\u00fa okrem in\u00e9ho aj v r\u00e1mci nov\u00e9ho programov\u00e9ho obdobia eur\u00f3pskej koh\u00e9znej politiky na roky 2021-2027.&nbsp;<\/em><\/p>\n\n\n\n<p><\/p>\n\n\n\n<p><strong>13:20-14:20<\/strong><\/p>\n\n\n\n<p><strong>Prezenta\u010dn\u00fd blok (4&#215;10 min. prezent\u00e1cie)<\/strong><\/p>\n\n\n\n<ul><li><strong>\u017divotn\u00e9 prostredie &#8211; Atlas dopadov zmeny kl\u00edmy na \u00fazem\u00ed HM SR Bratislavy <\/strong>(Ingrid Konrad, hlavn\u00e1 architektka mesta Bratislava, Magistr\u00e1t hlavn\u00e9ho mesta SR Bratislava, Eva Streberov\u00e1, samostatn\u00e1 referentka \u00datvar hlavnej architektky, Magistr\u00e1t hlavn\u00e9ho mesta SR Bratislava)<\/li><\/ul>\n\n\n\n<p><em>Predstav\u00edme v\u00e1m analytick\u00fd n\u00e1stroj pre sledovanie, predpovedanie a hodnotenie dopadov klimatick\u00fdch zmien, ako s\u00fa extr\u00e9mne vlny hor\u00fa\u010dav a intenz\u00edvne zr\u00e1\u017eky, v s\u00favislosti so zranite\u013enos\u0165ou obyvate\u013estva, infra\u0161trukt\u00fary a budov. \u00da\u010delom n\u00e1stroja je poskytovanie z\u00e1kladnej b\u00e1zy znalost\u00ed pre procesy navrhovania strat\u00e9gi\u00ed, formul\u00e1cii stanov\u00edsk a usmernen\u00ed ako aj dizajnovanie adapta\u010dn\u00fdch a mitiga\u010dn\u00fdch opatren\u00ed. Atlas dopadov zmeny kl\u00edmy pripravil \u00datvar hlavnej architektky mesta Bratislava Ingrid Konrad.<\/em><br><\/p>\n\n\n\n<ul><li><strong>Mobilita &#8211; Dopravn\u00fd podnik Bratislava v \u010d\u00edslach <\/strong>(Martin Rybansk\u00fd, predseda predstavenstva, gener\u00e1lny riadite\u013e DPB a.s)<\/li><\/ul>\n\n\n\n<p><em>Predstav\u00edme v\u00e1m aktu\u00e1lnu situ\u00e1ciu Dopravn\u00e9ho podniku Bratislava (DPB a.s.), jeho z\u00e1kladn\u00e9 \u0161tatistick\u00e9 inform\u00e1cie o stave a kvalite infra\u0161trukt\u00fary a aktu\u00e1lne poskytovan\u00fdch slu\u017eb\u00e1ch. DPB a.s. je najv\u00e4\u010d\u0161\u00ed poskytovate\u013e slu\u017eieb mestskej hromadnej elektromobility, ktor\u00e9 maj\u00fa pozit\u00edvny dopad na environment\u00e1lnu kvalitu prostredia. Rozvojov\u00e9 pl\u00e1ny DPB a.s. maj\u00fa potenci\u00e1l zvy\u0161ova\u0165 dostupnos\u0165 slu\u017eieb a ich inkluzivitu (napr. n\u00edzkopodla\u017en\u00e9 vozidl\u00e1), \u010do predstavuje z\u00e1sadn\u00fd predpoklad pre nap\u013a\u0148anie cie\u013eov udr\u017eate\u013en\u00e9ho mestsk\u00e9ho prostredia.<\/em><br><\/p>\n\n\n\n<ul><li><strong>Odpady &#8211; OLO v \u010d\u00edslach <\/strong>(Martin Masl\u00e1k, predseda predstavenstva, gener\u00e1lny riadite\u013e OLO a.s.)<\/li><\/ul>\n\n\n\n<p><em>Zozn\u00e1mte sa s aktu\u00e1lnou situ\u00e1ciou OLO a.s. jeho z\u00e1kladn\u00fdmi \u0161tatistick\u00fdmi inform\u00e1ciami o stave a kvalite infra\u0161trukt\u00fary a aktu\u00e1lne poskytovan\u00fdch slu\u017eb\u00e1ch.<\/em><\/p>\n\n\n\n<p><em>OLO a.s. (Odvoz a likvid\u00e1cia odpadov) predstavuje d\u00f4le\u017eit\u00fd bod mestskej odpadovej a z\u00e1rove\u0148 aj energetickej politiky mesta, pri\u010dom d\u00f4sledn\u00fdm pl\u00e1novan\u00edm jej aktiv\u00edt a ich presahov je mo\u017en\u00e9 ve\u013emi efekt\u00edvne dosahova\u0165 v\u00fdznamn\u00fd pokrok v zabezpe\u010dovan\u00ed environment\u00e1lnej udr\u017eate\u013enosti. (odpady s\u00fa zdroj, nie odpad)<\/em><\/p>\n\n\n\n<p><\/p>\n\n\n\n<ul><li><strong>Voda &#8211; Bratislavsk\u00e1 vod\u00e1rensk\u00e1 spolo\u010dns\u0165 v \u010d\u00edslach <\/strong>(Peter Olajo\u0161, predseda predstavenstva, gener\u00e1lny riadite\u013e BVS a.s.)<\/li><\/ul>\n\n\n\n<p><em>Zozn\u00e1mte sa s aktu\u00e1lnou situ\u00e1ciou BVS a.s., jej z\u00e1kladn\u00fdmi \u0161tatistick\u00fdmi inform\u00e1ciami o stave a kvalite infra\u0161trukt\u00fary, aktu\u00e1lne poskytovan\u00fdch slu\u017eb\u00e1ch.&nbsp;<\/em><\/p>\n\n\n\n<p><em>BVS a.s. aktu\u00e1lne pripravuje svoju strategick\u00fa v\u00edziu pre pl\u00e1novanie \u010fal\u0161\u00edch rozvojov\u00fdch \u010dinnost\u00ed a pre prisp\u00f4sobovanie sa st\u00e1le viac pr\u00edtomn\u00fdm dopadom klimatick\u00fdch zmien (napr. zni\u017eovanie z\u00e1sob podzemn\u00fdch v\u00f4d a ich ohrozenie z\u00e1\u0165a\u017eami).<\/em><br><\/p>\n\n\n\n<p><strong>Q&amp;A<\/strong><\/p>\n\n\n\n<p><strong>14:20-14:40<\/strong><\/p>\n\n\n\n<p><strong>Prest\u00e1vka<\/strong><\/p>\n\n\n\n<p><strong>14:40-15:25<\/strong><\/p>\n\n\n\n<p><strong>Working Groups <\/strong>(Milota Sidorov\u00e1, Juraj Hurn\u00fd, Lenka Kudrnov\u00e1, Zora Pauliniov\u00e1, Kancel\u00e1ria participat\u00edvneho pl\u00e1novania, Metropolitn\u00fd In\u0161tit\u00fat Bratislavy)<\/p>\n\n\n\n<p><em>Zapojte sa do jednej z paraleln\u00fdch, facilitovan\u00fdch diskusi\u00ed a hovorte s nami o s\u00fa\u010dasn\u00fdch a nadch\u00e1dzaj\u00facich lok\u00e1lnych a glob\u00e1lnych trendoch v t\u00e9me odpadov, \u017eivotn\u00e9ho prostredia a mobility.<\/em><\/p>\n\n\n\n<p><strong>15:25-15:55<\/strong><\/p>\n\n\n\n<p><strong>Sumariz\u00e1cia pracovn\u00fdch skup\u00edn a dopl\u0148uj\u00faca diskusia v pl\u00e9ne<\/strong><\/p>\n\n\n\n<p><strong>15:55-16:00<\/strong><\/p>\n\n\n\n<p><strong>Z\u00e1ver<\/strong><\/p>\n\n\n\n<ul><li>\u010fal\u0161ie kroky a pozv\u00e1nka na \u010fal\u0161ie Metropolitn\u00e9 f\u00f3rum<\/li><li>z\u00e1ver<\/li><\/ul>","protected":false},"excerpt":{"rendered":"<p>Metropolitn\u00e9 f\u00f3rum I.\u00a0 program: Prostredie Bratislavy (odpady, mobilita, \u017eivotn\u00e9 prostredie) 5.3.2020, 13:00-16:00 Program Prv\u00e9 Metropolitn\u00e9 f\u00f3rum sa bude zaobera\u0165 fyzick\u00fdm priestorom Bratislavy &#8211; jej \u017eivotn\u00fdm prostred\u00edm, odpadmi a mobilitou. Kr\u00e1tke prezent\u00e1cie poskytn\u00fa z\u00e1kladn\u00fd preh\u013ead o meste v t\u00fdchto aspektoch.&nbsp; Moderuje: Milota Sidorov\u00e1, ved\u00faca Kancel\u00e1rie participat\u00edvneho pl\u00e1novania, Metropolitn\u00fd In\u0161tit\u00fat Bratislavy 12:30-13:00 Registr\u00e1cia \u00fa\u010dastn\u00edkov a \u00fa\u010dastn\u00ed\u010dok 13:00-13:20 [&hellip;]<\/p>","protected":false},"author":1,"featured_media":70,"parent":23,"menu_order":1,"comment_status":"closed","ping_status":"closed","template":"","meta":{"_et_pb_use_builder":"","_et_pb_old_content":"","_et_gb_content_width":"","inline_featured_image":false},"yoast_head":"<!-- This site is optimized with the Yoast SEO plugin v20.13 - https:\/\/yoast.com\/wordpress\/plugins\/seo\/ -->\n<title>Metropolitn\u00e9 f\u00f3rum I. - Bratislava 2030<\/title>\n<meta name=\"robots\" content=\"index, follow, max-snippet:-1, max-image-preview:large, max-video-preview:-1\" \/>\n<link rel=\"canonical\" href=\"https:\/\/bratislava2030.sk\/en\/metropolitne-forum\/metropolitne-forum-i\/\" \/>\n<meta property=\"og:locale\" content=\"en_US\" \/>\n<meta property=\"og:type\" content=\"article\" \/>\n<meta property=\"og:title\" content=\"Metropolitn\u00e9 f\u00f3rum I. - Bratislava 2030\" \/>\n<meta property=\"og:description\" content=\"Metropolitn\u00e9 f\u00f3rum I.\u00a0 program: Prostredie Bratislavy (odpady, mobilita, \u017eivotn\u00e9 prostredie) 5.3.2020, 13:00-16:00 Program Prv\u00e9 Metropolitn\u00e9 f\u00f3rum sa bude zaobera\u0165 fyzick\u00fdm priestorom Bratislavy &#8211; jej \u017eivotn\u00fdm prostred\u00edm, odpadmi a mobilitou. Kr\u00e1tke prezent\u00e1cie poskytn\u00fa z\u00e1kladn\u00fd preh\u013ead o meste v t\u00fdchto aspektoch.&nbsp; Moderuje: Milota Sidorov\u00e1, ved\u00faca Kancel\u00e1rie participat\u00edvneho pl\u00e1novania, Metropolitn\u00fd In\u0161tit\u00fat Bratislavy 12:30-13:00 Registr\u00e1cia \u00fa\u010dastn\u00edkov a \u00fa\u010dastn\u00ed\u010dok 13:00-13:20 [&hellip;]\" \/>\n<meta property=\"og:url\" content=\"https:\/\/bratislava2030.sk\/en\/metropolitne-forum\/metropolitne-forum-i\/\" \/>\n<meta property=\"og:site_name\" content=\"Bratislava 2030\" \/>\n<meta property=\"article:modified_time\" content=\"2020-04-08T10:09:19+00:00\" \/>\n<meta property=\"og:image\" content=\"https:\/\/bratislava2030.sk\/wp-content\/uploads\/2020\/03\/20200305_121022000_iOS-scaled.jpg\" \/>\n\t<meta property=\"og:image:width\" content=\"2560\" \/>\n\t<meta property=\"og:image:height\" content=\"1707\" \/>\n\t<meta property=\"og:image:type\" content=\"image\/jpeg\" \/>\n<meta name=\"twitter:card\" content=\"summary_large_image\" \/>\n<meta name=\"twitter:label1\" content=\"Est. reading time\" \/>\n\t<meta name=\"twitter:data1\" content=\"4 minutes\" \/>\n<script type=\"application\/ld+json\" class=\"yoast-schema-graph\">{\"@context\":\"https:\/\/schema.org\",\"@graph\":[{\"@type\":\"WebPage\",\"@id\":\"https:\/\/bratislava2030.sk\/metropolitne-forum\/metropolitne-forum-i\/\",\"url\":\"https:\/\/bratislava2030.sk\/metropolitne-forum\/metropolitne-forum-i\/\",\"name\":\"Metropolitn\u00e9 f\u00f3rum I. - Bratislava 2030\",\"isPartOf\":{\"@id\":\"https:\/\/bratislava2030.sk\/#website\"},\"datePublished\":\"2020-03-03T14:52:00+00:00\",\"dateModified\":\"2020-04-08T10:09:19+00:00\",\"breadcrumb\":{\"@id\":\"https:\/\/bratislava2030.sk\/metropolitne-forum\/metropolitne-forum-i\/#breadcrumb\"},\"inLanguage\":\"en-US\",\"potentialAction\":[{\"@type\":\"ReadAction\",\"target\":[\"https:\/\/bratislava2030.sk\/metropolitne-forum\/metropolitne-forum-i\/\"]}]},{\"@type\":\"BreadcrumbList\",\"@id\":\"https:\/\/bratislava2030.sk\/metropolitne-forum\/metropolitne-forum-i\/#breadcrumb\",\"itemListElement\":[{\"@type\":\"ListItem\",\"position\":1,\"name\":\"Home\",\"item\":\"https:\/\/bratislava2030.sk\/\"},{\"@type\":\"ListItem\",\"position\":2,\"name\":\"Metropolitn\u00e9 f\u00f3rum\",\"item\":\"https:\/\/bratislava2030.sk\/metropolitne-forum\/\"},{\"@type\":\"ListItem\",\"position\":3,\"name\":\"Metropolitn\u00e9 f\u00f3rum I.\"}]},{\"@type\":\"WebSite\",\"@id\":\"https:\/\/bratislava2030.sk\/#website\",\"url\":\"https:\/\/bratislava2030.sk\/\",\"name\":\"Bratislava 2030\",\"description\":\"Bratislava 2030 pos\u00fava hlavn\u00e9 mesto Slovenska do \u010fal\u0161ieho desa\u0165ro\u010dia\",\"potentialAction\":[{\"@type\":\"SearchAction\",\"target\":{\"@type\":\"EntryPoint\",\"urlTemplate\":\"https:\/\/bratislava2030.sk\/?s={search_term_string}\"},\"query-input\":\"required name=search_term_string\"}],\"inLanguage\":\"en-US\"}]}<\/script>\n<!-- \/ Yoast SEO plugin. -->","yoast_head_json":{"title":"Metropolitn\u00e9 f\u00f3rum I. - Bratislava 2030","robots":{"index":"index","follow":"follow","max-snippet":"max-snippet:-1","max-image-preview":"max-image-preview:large","max-video-preview":"max-video-preview:-1"},"canonical":"https:\/\/bratislava2030.sk\/en\/metropolitne-forum\/metropolitne-forum-i\/","og_locale":"en_US","og_type":"article","og_title":"Metropolitn\u00e9 f\u00f3rum I. - Bratislava 2030","og_description":"Metropolitn\u00e9 f\u00f3rum I.\u00a0 program: Prostredie Bratislavy (odpady, mobilita, \u017eivotn\u00e9 prostredie) 5.3.2020, 13:00-16:00 Program Prv\u00e9 Metropolitn\u00e9 f\u00f3rum sa bude zaobera\u0165 fyzick\u00fdm priestorom Bratislavy &#8211; jej \u017eivotn\u00fdm prostred\u00edm, odpadmi a mobilitou. Kr\u00e1tke prezent\u00e1cie poskytn\u00fa z\u00e1kladn\u00fd preh\u013ead o meste v t\u00fdchto aspektoch.&nbsp; Moderuje: Milota Sidorov\u00e1, ved\u00faca Kancel\u00e1rie participat\u00edvneho pl\u00e1novania, Metropolitn\u00fd In\u0161tit\u00fat Bratislavy 12:30-13:00 Registr\u00e1cia \u00fa\u010dastn\u00edkov a \u00fa\u010dastn\u00ed\u010dok 13:00-13:20 [&hellip;]","og_url":"https:\/\/bratislava2030.sk\/en\/metropolitne-forum\/metropolitne-forum-i\/","og_site_name":"Bratislava 2030","article_modified_time":"2020-04-08T10:09:19+00:00","og_image":[{"width":2560,"height":1707,"url":"https:\/\/bratislava2030.sk\/wp-content\/uploads\/2020\/03\/20200305_121022000_iOS-scaled.jpg","type":"image\/jpeg"}],"twitter_card":"summary_large_image","twitter_misc":{"Est. reading time":"4 minutes"},"schema":{"@context":"https:\/\/schema.org","@graph":[{"@type":"WebPage","@id":"https:\/\/bratislava2030.sk\/metropolitne-forum\/metropolitne-forum-i\/","url":"https:\/\/bratislava2030.sk\/metropolitne-forum\/metropolitne-forum-i\/","name":"Metropolitn\u00e9 f\u00f3rum I. - Bratislava 2030","isPartOf":{"@id":"https:\/\/bratislava2030.sk\/#website"},"datePublished":"2020-03-03T14:52:00+00:00","dateModified":"2020-04-08T10:09:19+00:00","breadcrumb":{"@id":"https:\/\/bratislava2030.sk\/metropolitne-forum\/metropolitne-forum-i\/#breadcrumb"},"inLanguage":"en-US","potentialAction":[{"@type":"ReadAction","target":["https:\/\/bratislava2030.sk\/metropolitne-forum\/metropolitne-forum-i\/"]}]},{"@type":"BreadcrumbList","@id":"https:\/\/bratislava2030.sk\/metropolitne-forum\/metropolitne-forum-i\/#breadcrumb","itemListElement":[{"@type":"ListItem","position":1,"name":"Home","item":"https:\/\/bratislava2030.sk\/"},{"@type":"ListItem","position":2,"name":"Metropolitn\u00e9 f\u00f3rum","item":"https:\/\/bratislava2030.sk\/metropolitne-forum\/"},{"@type":"ListItem","position":3,"name":"Metropolitn\u00e9 f\u00f3rum I."}]},{"@type":"WebSite","@id":"https:\/\/bratislava2030.sk\/#website","url":"https:\/\/bratislava2030.sk\/","name":"Bratislava 2030","description":"Bratislava 2030 pos\u00fava hlavn\u00e9 mesto Slovenska do \u010fal\u0161ieho desa\u0165ro\u010dia","potentialAction":[{"@type":"SearchAction","target":{"@type":"EntryPoint","urlTemplate":"https:\/\/bratislava2030.sk\/?s={search_term_string}"},"query-input":"required name=search_term_string"}],"inLanguage":"en-US"}]}},"_links":{"self":[{"href":"https:\/\/bratislava2030.sk\/en\/wp-json\/wp\/v2\/pages\/25"}],"collection":[{"href":"https:\/\/bratislava2030.sk\/en\/wp-json\/wp\/v2\/pages"}],"about":[{"href":"https:\/\/bratislava2030.sk\/en\/wp-json\/wp\/v2\/types\/page"}],"author":[{"embeddable":true,"href":"https:\/\/bratislava2030.sk\/en\/wp-json\/wp\/v2\/users\/1"}],"replies":[{"embeddable":true,"href":"https:\/\/bratislava2030.sk\/en\/wp-json\/wp\/v2\/comments?post=25"}],"version-history":[{"count":2,"href":"https:\/\/bratislava2030.sk\/en\/wp-json\/wp\/v2\/pages\/25\/revisions"}],"predecessor-version":[{"id":218,"href":"https:\/\/bratislava2030.sk\/en\/wp-json\/wp\/v2\/pages\/25\/revisions\/218"}],"up":[{"embeddable":true,"href":"https:\/\/bratislava2030.sk\/en\/wp-json\/wp\/v2\/pages\/23"}],"wp:featuredmedia":[{"embeddable":true,"href":"https:\/\/bratislava2030.sk\/en\/wp-json\/wp\/v2\/media\/70"}],"wp:attachment":[{"href":"https:\/\/bratislava2030.sk\/en\/wp-json\/wp\/v2\/media?parent=25"}],"curies":[{"name":"wp","href":"https:\/\/api.w.org\/{rel}","templated":true}]}}