{"id":27,"date":"2020-03-03T15:56:16","date_gmt":"2020-03-03T14:56:16","guid":{"rendered":"https:\/\/bratislava2030.sk\/?page_id=27"},"modified":"2020-04-08T11:22:47","modified_gmt":"2020-04-08T09:22:47","slug":"metropolitne-forum-i-recnici","status":"publish","type":"page","link":"https:\/\/bratislava2030.sk\/en\/metropolitne-forum-i-recnici\/","title":{"rendered":"Metropolitn\u00e9 f\u00f3rum I. (Re\u010dn\u00edci)"},"content":{"rendered":"<p><strong>Bio re\u010dn\u00edkov a re\u010dn\u00ed\u010dok<\/strong><\/p>\n\n\n\n<p><em>v abecednom porad\u00ed<\/em><br><\/p>\n\n\n\n<p><strong>Eduard Donauer, splnomocnenec prim\u00e1tora pre strategick\u00e9 pl\u00e1novanie, Magistr\u00e1t mesta Bratislava<\/strong><br><\/p>\n\n\n\n<p>Od roku 2019 p\u00f4sob\u00ed na magistr\u00e1te pripravuje a riadi proces tvorby strategick\u00e9ho dokumentu Pl\u00e1n Bratislava 2030 (PHSR), pri\u010dom jeho amb\u00edciou je prepoji\u0165 proces strategick\u00e9ho pl\u00e1novania s tvorbou programov\u00e9ho rozpo\u010dtu. Tento pl\u00e1n bude nap\u013a\u0148a\u0165 strategick\u00e9 priority udr\u017eate\u013en\u00fdm sp\u00f4sobom (Agenda 2030) a zastre\u0161\u00ed aj pl\u00e1novanie aktiv\u00edt mestsk\u00fdch \u010dast\u00ed, pr\u00edpadne obc\u00ed v bezprostrednom okol\u00ed.<br><\/p>\n\n\n\n<p><strong>Ingrid Konrad, hlavn\u00e1 architektka mesta Bratislava, <\/strong><strong>Magistr\u00e1t hlavn\u00e9ho mesta SR Bratislava&nbsp;<\/strong><br><\/p>\n\n\n\n<p>Ingrid Konrad pracovala vo Viedni v architektonickej kancel\u00e1rii J\u00e1na Ko\u010d\u00edho a Thomasa Feigera, nesk\u00f4r tam p\u00f4sobila v In\u0161tit\u00fate krajinn\u00e9ho pl\u00e1novania a na Viedenskej univerzite.<\/p>\n\n\n\n<p>Hlavnou architektkou je od roku 2011.<br><\/p>\n\n\n\n<p><strong>Tatiana Kratochv\u00edlov\u00e1, viceprim\u00e1torka Bratislavy, Magistr\u00e1t hlavn\u00e9ho mesta SR Bratislava<\/strong><br><\/p>\n\n\n\n<p>Tatiana Kratochv\u00edlov\u00e1 je dopravnou in\u017einierkou a politi\u010dkou. Od decembra 2018 je poveren\u00e1 zastupovan\u00edm prim\u00e1tora hlavn\u00e9ho mesta Slovenskej republiky Bratislavy vo funkcii prvej n\u00e1mestn\u00ed\u010dky. Oblasti, ktor\u00e9 spadaj\u00fa do jej gescie s\u00fa \u017eivotn\u00e9 prostredie a odpadov\u00e9 hospod\u00e1rstvo, vodn\u00e9 hospod\u00e1rstvo a tepeln\u00e1 energetika, cestn\u00e1 doprava, ochrana pred povod\u0148ami a pozemn\u00e9 komunik\u00e1cie.<br><\/p>\n\n\n\n<p><strong>Martin Masl\u00e1k, predseda predstavenstva, gener\u00e1lny riadite\u013e OLO a.s.<\/strong><br><\/p>\n\n\n\n<p>Martin Masl\u00e1k je v s\u00fa\u010dasnosti riadite\u013eom spolo\u010dnosti Odvozu a likvid\u00e1cie odpadu, v minulosti bol mana\u017e\u00e9rom AP&amp;AS kde riadil pl\u00e1novanie procesu od vyh\u013ead\u00e1vania nov\u00fdch zdrojov energi\u00ed, n\u00e1kupu pal\u00edv po implement\u00e1ciu do v\u00fdroby, z\u00e1rove\u0148 tvoril strat\u00e9giu vyu\u017eitia odpadov pri spoluspa\u013eovan\u00ed.&nbsp;<br><\/p>\n\n\n\n<p><strong>J\u00e1n Maz\u00far, riadite\u013e, Metropolitn\u00fd In\u0161tit\u00fat Bratislavy<\/strong><br><\/p>\n\n\n\n<p>J\u00e1n Maz\u00far je riadite\u013eom Metropolitn\u00e9ho In\u0161tit\u00fatu Bratislavy. Taktie\u017e u\u010d\u00ed a participuje na v\u00fdskume na Univerzite Komensk\u00e9ho v Bratislave v oblasti finan\u010dn\u00e9ho pr\u00e1va. V minulosti pracoval ako pr\u00e1vnik. Dlhodobo sa venuje aj t\u00e9mam etiky a integrity v pr\u00e1vnick\u00fdch profesi\u00e1ch a verejnej spr\u00e1ve a tvorbe polit\u00edk zalo\u017een\u00fdch na d\u00e1tach a faktoch.&nbsp;<br><\/p>\n\n\n\n<p><strong>Peter Olajo\u0161, predseda predstavenstva, gener\u00e1lny riadite\u013e BVS a.s.<\/strong><\/p>\n\n\n\n<p>Peter Olajo\u0161 je riadite\u013eom Bratislavskej vod\u00e1renskej spolo\u010dnosti, v minulosti bol mana\u017e\u00e9rom, pr\u00e1vnym poradcom pre CEE, Garrett Motion Inc, alebo aj \u010dlenom v\u00fdkonn\u00e9ho v\u00fdboru krajiny pre Novartis Slovensko.<br><\/p>\n\n\n\n<p><strong>Martin Rybansk\u00fd, predseda predstavenstva, gener\u00e1lny riadite\u013e DPB a.s<\/strong><br><\/p>\n\n\n\n<p>Martin Rybansk\u00fd je gener\u00e1lnym riadite\u013eom Dopravn\u00e9ho podniku Bratislava, predt\u00fdm bol mana\u017e\u00e9rom technicko-obchodn\u00e9ho oddelenia v spolo\u010dnostiach Yutong autobusy a Bus trade. Pracoval aj ako ved\u00faci zahrani\u010dn\u00e9ho obchodu vo firme Bus servis.<br><\/p>\n\n\n\n<p><strong>Milota Sidorov\u00e1, ved\u00faca Kancel\u00e1rie participat\u00edvneho pl\u00e1novania, Metropolitn\u00fd In\u0161tit\u00fat Bratislavy<\/strong><br><\/p>\n\n\n\n<p>Milota Sidorov\u00e1 je facilit\u00e1torka, moder\u00e1torka, networkerka, pl\u00e1nova\u010dka a feministka, ktor\u00e1 sa dlhodobo venuje tvorbe inkluz\u00edvneho mestsk\u00e9ho prostredia. Od novembra 2019 je ved\u00faca kancel\u00e1rie participat\u00edvneho pl\u00e1novania na Metropolitnom In\u0161tit\u00fate Bratislava<br><\/p>\n\n\n\n<p><strong>Eva Streberov\u00e1, samostatn\u00e1 referentka \u00datvar hlavnej architektky, <\/strong><strong>Magistr\u00e1t hlavn\u00e9ho mesta SR Bratislava<\/strong><\/p>\n\n\n\n<p>Eva Streberov\u00e1 v s\u00fa\u010dasnosti pracuje na \u00fatvare hlavnej architekty mesta Bratislavy. Podie\u013ea sa na adapta\u010dn\u00fdch projektoch mesta \u201eBratislava sa pripravuje na klimatick\u00fa zmenu v pilotn\u00fdch opatreniach v oblasti trvalo udr\u017eate\u013en\u00e9ho hospod\u00e1renia s da\u017e\u010fovou vodou v mestsk\u00fdch oblastiach. Pred pr\u00e1cou v samospr\u00e1ve sa ako v\u00fdskumn\u00ed\u010dka podie\u013eala na nieko\u013ek\u00fdch projektoch zaoberaj\u00facich sa adapt\u00e1ciou na zmenu podnebia a hodnoten\u00edm ekosyst\u00e9mov\u00fdch slu\u017eieb.<br><\/p>\n\n\n\n<p><strong>Mat\u00fa\u0161 Vallo, prim\u00e1tor Bratislavy, Magistr\u00e1t hlavn\u00e9ho mesta SR Bratislava<\/strong><\/p>\n\n\n\n<p>Mat\u00fa\u0161 Vallo je architekt a odborn\u00edk na mesto. Je autorom publik\u00e1cie o rie\u0161eniach pre Bratislavu &#8211; Pl\u00e1n Bratislava. Je z\u00e1rove\u0148 uzn\u00e1van\u00fdm architektom a spolumajite\u013eom architektonick\u00e9ho \u0161t\u00fadia Vallo Sadovsky. Zakladal aj projekt Mestsk\u00e9 z\u00e1sahy, ktor\u00fd od roku 2008 vygeneroval viac ako 900 projektov na zlep\u0161enie verejn\u00e9ho priestoru v dvadsiatich mest\u00e1ch. V komun\u00e1lnych vo\u013eb\u00e1ch 2018 bol zvolen\u00fd za prim\u00e1tora Bratislavy.<br><\/p>","protected":false},"excerpt":{"rendered":"<p>Bio re\u010dn\u00edkov a re\u010dn\u00ed\u010dok v abecednom porad\u00ed Eduard Donauer, splnomocnenec prim\u00e1tora pre strategick\u00e9 pl\u00e1novanie, Magistr\u00e1t mesta Bratislava Od roku 2019 p\u00f4sob\u00ed na magistr\u00e1te pripravuje a riadi proces tvorby strategick\u00e9ho dokumentu Pl\u00e1n Bratislava 2030 (PHSR), pri\u010dom jeho amb\u00edciou je prepoji\u0165 proces strategick\u00e9ho pl\u00e1novania s tvorbou programov\u00e9ho rozpo\u010dtu. Tento pl\u00e1n bude nap\u013a\u0148a\u0165 strategick\u00e9 priority udr\u017eate\u013en\u00fdm sp\u00f4sobom (Agenda [&hellip;]<\/p>","protected":false},"author":1,"featured_media":150,"parent":0,"menu_order":0,"comment_status":"closed","ping_status":"closed","template":"","meta":{"_et_pb_use_builder":"","_et_pb_old_content":"","_et_gb_content_width":"","inline_featured_image":false},"yoast_head":"<!-- This site is optimized with the Yoast SEO plugin v20.13 - https:\/\/yoast.com\/wordpress\/plugins\/seo\/ -->\n<title>Metropolitn\u00e9 f\u00f3rum I. (Re\u010dn\u00edci) - Bratislava 2030<\/title>\n<meta name=\"robots\" content=\"index, follow, max-snippet:-1, max-image-preview:large, max-video-preview:-1\" \/>\n<link rel=\"canonical\" href=\"https:\/\/bratislava2030.sk\/en\/metropolitne-forum-i-recnici\/\" \/>\n<meta property=\"og:locale\" content=\"en_US\" \/>\n<meta property=\"og:type\" content=\"article\" \/>\n<meta property=\"og:title\" content=\"Metropolitn\u00e9 f\u00f3rum I. (Re\u010dn\u00edci) - Bratislava 2030\" \/>\n<meta property=\"og:description\" content=\"Bio re\u010dn\u00edkov a re\u010dn\u00ed\u010dok v abecednom porad\u00ed Eduard Donauer, splnomocnenec prim\u00e1tora pre strategick\u00e9 pl\u00e1novanie, Magistr\u00e1t mesta Bratislava Od roku 2019 p\u00f4sob\u00ed na magistr\u00e1te pripravuje a riadi proces tvorby strategick\u00e9ho dokumentu Pl\u00e1n Bratislava 2030 (PHSR), pri\u010dom jeho amb\u00edciou je prepoji\u0165 proces strategick\u00e9ho pl\u00e1novania s tvorbou programov\u00e9ho rozpo\u010dtu. Tento pl\u00e1n bude nap\u013a\u0148a\u0165 strategick\u00e9 priority udr\u017eate\u013en\u00fdm sp\u00f4sobom (Agenda [&hellip;]\" \/>\n<meta property=\"og:url\" content=\"https:\/\/bratislava2030.sk\/en\/metropolitne-forum-i-recnici\/\" \/>\n<meta property=\"og:site_name\" content=\"Bratislava 2030\" \/>\n<meta property=\"article:modified_time\" content=\"2020-04-08T09:22:47+00:00\" \/>\n<meta property=\"og:image\" content=\"https:\/\/bratislava2030.sk\/wp-content\/uploads\/2020\/03\/20200305_121229000_iOS-scaled.jpg\" \/>\n\t<meta property=\"og:image:width\" content=\"2560\" \/>\n\t<meta property=\"og:image:height\" content=\"1711\" \/>\n\t<meta property=\"og:image:type\" content=\"image\/jpeg\" \/>\n<meta name=\"twitter:card\" content=\"summary_large_image\" \/>\n<meta name=\"twitter:label1\" content=\"Est. reading time\" \/>\n\t<meta name=\"twitter:data1\" content=\"3 minutes\" \/>\n<script type=\"application\/ld+json\" class=\"yoast-schema-graph\">{\"@context\":\"https:\/\/schema.org\",\"@graph\":[{\"@type\":\"WebPage\",\"@id\":\"https:\/\/bratislava2030.sk\/metropolitne-forum-i-recnici\/\",\"url\":\"https:\/\/bratislava2030.sk\/metropolitne-forum-i-recnici\/\",\"name\":\"Metropolitn\u00e9 f\u00f3rum I. (Re\u010dn\u00edci) - Bratislava 2030\",\"isPartOf\":{\"@id\":\"https:\/\/bratislava2030.sk\/#website\"},\"datePublished\":\"2020-03-03T14:56:16+00:00\",\"dateModified\":\"2020-04-08T09:22:47+00:00\",\"breadcrumb\":{\"@id\":\"https:\/\/bratislava2030.sk\/metropolitne-forum-i-recnici\/#breadcrumb\"},\"inLanguage\":\"en-US\",\"potentialAction\":[{\"@type\":\"ReadAction\",\"target\":[\"https:\/\/bratislava2030.sk\/metropolitne-forum-i-recnici\/\"]}]},{\"@type\":\"BreadcrumbList\",\"@id\":\"https:\/\/bratislava2030.sk\/metropolitne-forum-i-recnici\/#breadcrumb\",\"itemListElement\":[{\"@type\":\"ListItem\",\"position\":1,\"name\":\"Home\",\"item\":\"https:\/\/bratislava2030.sk\/\"},{\"@type\":\"ListItem\",\"position\":2,\"name\":\"Metropolitn\u00e9 f\u00f3rum I. (Re\u010dn\u00edci)\"}]},{\"@type\":\"WebSite\",\"@id\":\"https:\/\/bratislava2030.sk\/#website\",\"url\":\"https:\/\/bratislava2030.sk\/\",\"name\":\"Bratislava 2030\",\"description\":\"Bratislava 2030 pos\u00fava hlavn\u00e9 mesto Slovenska do \u010fal\u0161ieho desa\u0165ro\u010dia\",\"potentialAction\":[{\"@type\":\"SearchAction\",\"target\":{\"@type\":\"EntryPoint\",\"urlTemplate\":\"https:\/\/bratislava2030.sk\/?s={search_term_string}\"},\"query-input\":\"required name=search_term_string\"}],\"inLanguage\":\"en-US\"}]}<\/script>\n<!-- \/ Yoast SEO plugin. -->","yoast_head_json":{"title":"Metropolitn\u00e9 f\u00f3rum I. (Re\u010dn\u00edci) - Bratislava 2030","robots":{"index":"index","follow":"follow","max-snippet":"max-snippet:-1","max-image-preview":"max-image-preview:large","max-video-preview":"max-video-preview:-1"},"canonical":"https:\/\/bratislava2030.sk\/en\/metropolitne-forum-i-recnici\/","og_locale":"en_US","og_type":"article","og_title":"Metropolitn\u00e9 f\u00f3rum I. (Re\u010dn\u00edci) - Bratislava 2030","og_description":"Bio re\u010dn\u00edkov a re\u010dn\u00ed\u010dok v abecednom porad\u00ed Eduard Donauer, splnomocnenec prim\u00e1tora pre strategick\u00e9 pl\u00e1novanie, Magistr\u00e1t mesta Bratislava Od roku 2019 p\u00f4sob\u00ed na magistr\u00e1te pripravuje a riadi proces tvorby strategick\u00e9ho dokumentu Pl\u00e1n Bratislava 2030 (PHSR), pri\u010dom jeho amb\u00edciou je prepoji\u0165 proces strategick\u00e9ho pl\u00e1novania s tvorbou programov\u00e9ho rozpo\u010dtu. Tento pl\u00e1n bude nap\u013a\u0148a\u0165 strategick\u00e9 priority udr\u017eate\u013en\u00fdm sp\u00f4sobom (Agenda [&hellip;]","og_url":"https:\/\/bratislava2030.sk\/en\/metropolitne-forum-i-recnici\/","og_site_name":"Bratislava 2030","article_modified_time":"2020-04-08T09:22:47+00:00","og_image":[{"width":2560,"height":1711,"url":"https:\/\/bratislava2030.sk\/wp-content\/uploads\/2020\/03\/20200305_121229000_iOS-scaled.jpg","type":"image\/jpeg"}],"twitter_card":"summary_large_image","twitter_misc":{"Est. reading time":"3 minutes"},"schema":{"@context":"https:\/\/schema.org","@graph":[{"@type":"WebPage","@id":"https:\/\/bratislava2030.sk\/metropolitne-forum-i-recnici\/","url":"https:\/\/bratislava2030.sk\/metropolitne-forum-i-recnici\/","name":"Metropolitn\u00e9 f\u00f3rum I. (Re\u010dn\u00edci) - Bratislava 2030","isPartOf":{"@id":"https:\/\/bratislava2030.sk\/#website"},"datePublished":"2020-03-03T14:56:16+00:00","dateModified":"2020-04-08T09:22:47+00:00","breadcrumb":{"@id":"https:\/\/bratislava2030.sk\/metropolitne-forum-i-recnici\/#breadcrumb"},"inLanguage":"en-US","potentialAction":[{"@type":"ReadAction","target":["https:\/\/bratislava2030.sk\/metropolitne-forum-i-recnici\/"]}]},{"@type":"BreadcrumbList","@id":"https:\/\/bratislava2030.sk\/metropolitne-forum-i-recnici\/#breadcrumb","itemListElement":[{"@type":"ListItem","position":1,"name":"Home","item":"https:\/\/bratislava2030.sk\/"},{"@type":"ListItem","position":2,"name":"Metropolitn\u00e9 f\u00f3rum I. (Re\u010dn\u00edci)"}]},{"@type":"WebSite","@id":"https:\/\/bratislava2030.sk\/#website","url":"https:\/\/bratislava2030.sk\/","name":"Bratislava 2030","description":"Bratislava 2030 pos\u00fava hlavn\u00e9 mesto Slovenska do \u010fal\u0161ieho desa\u0165ro\u010dia","potentialAction":[{"@type":"SearchAction","target":{"@type":"EntryPoint","urlTemplate":"https:\/\/bratislava2030.sk\/?s={search_term_string}"},"query-input":"required name=search_term_string"}],"inLanguage":"en-US"}]}},"_links":{"self":[{"href":"https:\/\/bratislava2030.sk\/en\/wp-json\/wp\/v2\/pages\/27"}],"collection":[{"href":"https:\/\/bratislava2030.sk\/en\/wp-json\/wp\/v2\/pages"}],"about":[{"href":"https:\/\/bratislava2030.sk\/en\/wp-json\/wp\/v2\/types\/page"}],"author":[{"embeddable":true,"href":"https:\/\/bratislava2030.sk\/en\/wp-json\/wp\/v2\/users\/1"}],"replies":[{"embeddable":true,"href":"https:\/\/bratislava2030.sk\/en\/wp-json\/wp\/v2\/comments?post=27"}],"version-history":[{"count":1,"href":"https:\/\/bratislava2030.sk\/en\/wp-json\/wp\/v2\/pages\/27\/revisions"}],"predecessor-version":[{"id":28,"href":"https:\/\/bratislava2030.sk\/en\/wp-json\/wp\/v2\/pages\/27\/revisions\/28"}],"wp:featuredmedia":[{"embeddable":true,"href":"https:\/\/bratislava2030.sk\/en\/wp-json\/wp\/v2\/media\/150"}],"wp:attachment":[{"href":"https:\/\/bratislava2030.sk\/en\/wp-json\/wp\/v2\/media?parent=27"}],"curies":[{"name":"wp","href":"https:\/\/api.w.org\/{rel}","templated":true}]}}